{"id":175,"date":"2021-04-22T11:15:51","date_gmt":"2021-04-22T11:15:51","guid":{"rendered":"https:\/\/gfc-fr.ch\/?page_id=175"},"modified":"2026-02-24T12:16:24","modified_gmt":"2026-02-24T12:16:24","slug":"formation","status":"publish","type":"page","link":"https:\/\/2roues-romandie.netmanage-dev.ch\/index.php\/formation\/","title":{"rendered":"Formation"},"content":{"rendered":"\t\t<div data-elementor-type=\"wp-page\" data-elementor-id=\"175\" class=\"elementor elementor-175\" data-elementor-post-type=\"page\">\n\t\t\t\t\t\t<section class=\"elementor-section elementor-top-section elementor-element elementor-element-38042d3 elementor-section-boxed elementor-section-height-default elementor-section-height-default wpr-particle-no wpr-jarallax-no wpr-parallax-no wpr-sticky-section-no wpr-equal-height-no elementor-invisible\" data-id=\"38042d3\" data-element_type=\"section\" data-e-type=\"section\" data-settings=\"{&quot;animation&quot;:&quot;slideInUp&quot;}\">\n\t\t\t\t\t\t<div class=\"elementor-container elementor-column-gap-default\">\n\t\t\t\t\t<div class=\"elementor-column elementor-col-100 elementor-top-column elementor-element elementor-element-96f9bfb\" data-id=\"96f9bfb\" data-element_type=\"column\" data-e-type=\"column\">\n\t\t\t<div class=\"elementor-widget-wrap elementor-element-populated\">\n\t\t\t\t\t\t<section class=\"elementor-section elementor-inner-section elementor-element elementor-element-d0356c8 elementor-section-full_width elementor-section-height-default elementor-section-height-default wpr-particle-no wpr-jarallax-no wpr-parallax-no wpr-sticky-section-no wpr-equal-height-no\" data-id=\"d0356c8\" data-element_type=\"section\" data-e-type=\"section\">\n\t\t\t\t\t\t<div class=\"elementor-container elementor-column-gap-default\">\n\t\t\t\t\t<div class=\"elementor-column elementor-col-50 elementor-inner-column elementor-element elementor-element-7e7349d\" data-id=\"7e7349d\" data-element_type=\"column\" data-e-type=\"column\" data-settings=\"{&quot;background_background&quot;:&quot;classic&quot;}\">\n\t\t\t<div class=\"elementor-widget-wrap elementor-element-populated\">\n\t\t\t\t\t\t<div class=\"elementor-element elementor-element-0091b35 elementor-widget elementor-widget-heading\" data-id=\"0091b35\" data-element_type=\"widget\" data-e-type=\"widget\" data-widget_type=\"heading.default\">\n\t\t\t\t<div class=\"elementor-widget-container\">\n\t\t\t\t\t<h2 class=\"elementor-heading-title elementor-size-default\">FORMATION<\/h2>\t\t\t\t<\/div>\n\t\t\t\t<\/div>\n\t\t\t\t<div class=\"elementor-element elementor-element-c6804f7 elementor-widget elementor-widget-text-editor\" data-id=\"c6804f7\" data-element_type=\"widget\" data-e-type=\"widget\" data-widget_type=\"text-editor.default\">\n\t\t\t\t<div class=\"elementor-widget-container\">\n\t\t\t\t\t\t\t\t\t<p>L\u2019association \u00ab 2Roues Suisse section romande \u00bb a cr\u00e9\u00e9 en 2017 l\u2019association ind\u00e9pendante \u00ab CIE 2Roues Suisse section romande \u00bb pour l\u2019organisation des cours interentreprises des m\u00e9canicien(-ne)s en cycles CFC et m\u00e9canicien(-ne)s en motocycles CFC. Les apprentis des cantons de Vaud, Fribourg, Valais, Neuch\u00e2tel, Jura et Berne (partie francophone) suivent les cours interentreprises dans notre centre de Formation \u00e0 Yverdon-les-Bains.<\/p>\t\t\t\t\t\t\t\t<\/div>\n\t\t\t\t<\/div>\n\t\t\t\t\t<\/div>\n\t\t<\/div>\n\t\t\t\t<div class=\"elementor-column elementor-col-50 elementor-inner-column elementor-element elementor-element-c2bc15c\" data-id=\"c2bc15c\" data-element_type=\"column\" data-e-type=\"column\" data-settings=\"{&quot;background_background&quot;:&quot;classic&quot;}\">\n\t\t\t<div class=\"elementor-widget-wrap elementor-element-populated\">\n\t\t\t\t\t\t<div class=\"elementor-element elementor-element-18d1312 elementor-widget elementor-widget-spacer\" data-id=\"18d1312\" data-element_type=\"widget\" data-e-type=\"widget\" data-widget_type=\"spacer.default\">\n\t\t\t\t<div class=\"elementor-widget-container\">\n\t\t\t\t\t\t\t<div class=\"elementor-spacer\">\n\t\t\t<div class=\"elementor-spacer-inner\"><\/div>\n\t\t<\/div>\n\t\t\t\t\t\t<\/div>\n\t\t\t\t<\/div>\n\t\t\t\t\t<\/div>\n\t\t<\/div>\n\t\t\t\t\t<\/div>\n\t\t<\/section>\n\t\t\t\t\t<\/div>\n\t\t<\/div>\n\t\t\t\t\t<\/div>\n\t\t<\/section>\n\t\t\t\t<section class=\"elementor-section elementor-top-section elementor-element elementor-element-db757cf elementor-section-boxed elementor-section-height-default elementor-section-height-default wpr-particle-no wpr-jarallax-no wpr-parallax-no wpr-sticky-section-no wpr-equal-height-no\" data-id=\"db757cf\" data-element_type=\"section\" data-e-type=\"section\" data-settings=\"{&quot;background_background&quot;:&quot;classic&quot;}\">\n\t\t\t\t\t\t<div class=\"elementor-container elementor-column-gap-default\">\n\t\t\t\t\t<div class=\"elementor-column elementor-col-100 elementor-top-column elementor-element elementor-element-2428151\" data-id=\"2428151\" data-element_type=\"column\" data-e-type=\"column\">\n\t\t\t<div class=\"elementor-widget-wrap elementor-element-populated\">\n\t\t\t\t\t\t<div class=\"elementor-element elementor-element-dea7724 elementor-widget elementor-widget-heading\" data-id=\"dea7724\" data-element_type=\"widget\" data-e-type=\"widget\" data-widget_type=\"heading.default\">\n\t\t\t\t<div class=\"elementor-widget-container\">\n\t\t\t\t\t<h2 class=\"elementor-heading-title elementor-size-default\">Les apprentissages 2roues<\/h2>\t\t\t\t<\/div>\n\t\t\t\t<\/div>\n\t\t\t\t<div class=\"elementor-element elementor-element-7a7074b elementor-widget elementor-widget-text-editor\" data-id=\"7a7074b\" data-element_type=\"widget\" data-e-type=\"widget\" data-widget_type=\"text-editor.default\">\n\t\t\t\t<div class=\"elementor-widget-container\">\n\t\t\t\t\t\t\t\t\t<p>L\u2019association collabore avec 2RSSR GE concernant l\u2019organisation des cours pour les apprenti(-e)s m\u00e9canicien(-ne)s motocycles de petites cylindr\u00e9es et cycle.<\/p>\t\t\t\t\t\t\t\t<\/div>\n\t\t\t\t<\/div>\n\t\t\t\t<section class=\"elementor-section elementor-inner-section elementor-element elementor-element-76b4f7d elementor-section-full_width elementor-section-content-top elementor-section-height-default elementor-section-height-default wpr-particle-no wpr-jarallax-no wpr-parallax-no wpr-sticky-section-no wpr-equal-height-no\" data-id=\"76b4f7d\" data-element_type=\"section\" data-e-type=\"section\" data-settings=\"{&quot;background_background&quot;:&quot;classic&quot;}\">\n\t\t\t\t\t\t<div class=\"elementor-container elementor-column-gap-custom\">\n\t\t\t\t\t<div class=\"elementor-column elementor-col-33 elementor-inner-column elementor-element elementor-element-bdd3b34\" data-id=\"bdd3b34\" data-element_type=\"column\" data-e-type=\"column\" data-settings=\"{&quot;background_background&quot;:&quot;classic&quot;}\">\n\t\t\t<div class=\"elementor-widget-wrap elementor-element-populated\">\n\t\t\t\t\t\t<div class=\"elementor-element elementor-element-3321e3c elementor-widget elementor-widget-heading\" data-id=\"3321e3c\" data-element_type=\"widget\" data-e-type=\"widget\" data-widget_type=\"heading.default\">\n\t\t\t\t<div class=\"elementor-widget-container\">\n\t\t\t\t\t<h2 class=\"elementor-heading-title elementor-size-default\">M\u00e9canicien\/-cienne en cycles CFC<\/h2>\t\t\t\t<\/div>\n\t\t\t\t<\/div>\n\t\t\t\t<div class=\"elementor-element elementor-element-82a56aa elementor-widget elementor-widget-text-editor\" data-id=\"82a56aa\" data-element_type=\"widget\" data-e-type=\"widget\" data-widget_type=\"text-editor.default\">\n\t\t\t\t<div class=\"elementor-widget-container\">\n\t\t\t\t\t\t\t\t\t<p>Si vous aimez la technique, travaillez volontiers en \u00e9quipe et prenez plaisir \u00e0 conseiller la client\u00e8le, vous avez de bonnes dispositions pour exercer cette profession.<br \/>Comme les m\u00e9caniciens et m\u00e9caniciennes en cycles sont charg\u00e9s de prendre en charge les v\u00e9hicules des clients, de les \u00e9valuer et d\u2019ex\u00e9cuter les ordres de mani\u00e8re professionnelle, ils doivent donc effectuer le contr\u00f4le des fonctions, les travaux de service et de r\u00e9paration de ces v\u00e9hicules. Ils conseillent les clients lors de l\u2019achat de v\u00e9los traditionnels, de bikes high-tech, de v\u00e9los \u00e9lectriques et de course. Ils les aident \u00e9galement \u00e0 choisir les accessoires et l\u2019\u00e9quipement ad\u00e9quats.<\/p><p style=\"text-align: center;\"><a href=\"https:\/\/www.2radschweiz.ch\/fr\/2rad-professions\/mecanicien-cienne-en-cycles\/\" target=\"_blank\" rel=\"noopener\"><span style=\"color: #e63329;\"><b><u>&gt; PLUS D&rsquo;INFORMATIONS<\/u><\/b><\/span><\/a><\/p>\t\t\t\t\t\t\t\t<\/div>\n\t\t\t\t<\/div>\n\t\t\t\t\t<\/div>\n\t\t<\/div>\n\t\t\t\t<div class=\"elementor-column elementor-col-33 elementor-inner-column elementor-element elementor-element-ed850d5\" data-id=\"ed850d5\" data-element_type=\"column\" data-e-type=\"column\" data-settings=\"{&quot;background_background&quot;:&quot;classic&quot;}\">\n\t\t\t<div class=\"elementor-widget-wrap elementor-element-populated\">\n\t\t\t\t\t\t<div class=\"elementor-element elementor-element-e403578 elementor-widget elementor-widget-heading\" data-id=\"e403578\" data-element_type=\"widget\" data-e-type=\"widget\" data-widget_type=\"heading.default\">\n\t\t\t\t<div class=\"elementor-widget-container\">\n\t\t\t\t\t<h2 class=\"elementor-heading-title elementor-size-default\">M\u00e9canicien\/-cienne en motocycles CFC<\/h2>\t\t\t\t<\/div>\n\t\t\t\t<\/div>\n\t\t\t\t<div class=\"elementor-element elementor-element-0a387c0 elementor-widget elementor-widget-text-editor\" data-id=\"0a387c0\" data-element_type=\"widget\" data-e-type=\"widget\" data-widget_type=\"text-editor.default\">\n\t\t\t\t<div class=\"elementor-widget-container\">\n\t\t\t\t\t\t\t\t\t<p>Si vous aimez les machines lourdes et faites preuve de pers\u00e9v\u00e9rance, si vous vous sentez \u00e0 l\u2019aise avec les moteurs, les syst\u00e8mes \u00e9lectriques et \u00e9lectroniques, alors vous \u00eates au bon endroit. Comme les m\u00e9caniciens et les m\u00e9caniciennes en motocycles prennent en charge les v\u00e9hicules des clients, les \u00e9valuent et ex\u00e9cutent les ordres de mani\u00e8re professionnelle, ils doivent donc effectuer l\u2019ensemble des travaux de service et de r\u00e9paration, monter les accessoires et proc\u00e9der \u00e0 des r\u00e9glages du moteur. Ils conseillent \u00e9galement les clients pour les r\u00e9parations et le service des motos de toutes cat\u00e9gories.<\/p><p style=\"text-align: center;\"><a href=\"https:\/\/www.2radschweiz.ch\/fr\/2rad-professions\/mecanicien-cienne-en-motocycles-cfc\/\" target=\"_blank\" rel=\"noopener\"><span style=\"text-decoration: underline; color: #e63329;\"><strong>&gt; PLUS D&rsquo;INFORMATIONS<\/strong><\/span><\/a><\/p>\t\t\t\t\t\t\t\t<\/div>\n\t\t\t\t<\/div>\n\t\t\t\t\t<\/div>\n\t\t<\/div>\n\t\t\t\t<div class=\"elementor-column elementor-col-33 elementor-inner-column elementor-element elementor-element-f54b8b4\" data-id=\"f54b8b4\" data-element_type=\"column\" data-e-type=\"column\" data-settings=\"{&quot;background_background&quot;:&quot;classic&quot;}\">\n\t\t\t<div class=\"elementor-widget-wrap elementor-element-populated\">\n\t\t\t\t\t\t<div class=\"elementor-element elementor-element-1ce5d79 elementor-widget elementor-widget-heading\" data-id=\"1ce5d79\" data-element_type=\"widget\" data-e-type=\"widget\" data-widget_type=\"heading.default\">\n\t\t\t\t<div class=\"elementor-widget-container\">\n\t\t\t\t\t<h2 class=\"elementor-heading-title elementor-size-default\">Assistant(e) en maintenance des deux-roues AFP<\/h2>\t\t\t\t<\/div>\n\t\t\t\t<\/div>\n\t\t\t\t<div class=\"elementor-element elementor-element-7e44592 elementor-widget elementor-widget-text-editor\" data-id=\"7e44592\" data-element_type=\"widget\" data-e-type=\"widget\" data-widget_type=\"text-editor.default\">\n\t\t\t\t<div class=\"elementor-widget-container\">\n\t\t\t\t\t\t\t\t\t<p><br \/>Les assistants et assistantes en maintenance de deux-roues travaillent dans des entreprises de la branche des deux-roues. Selon la structure de l&rsquo;entreprise, ils effectuent leurs activit\u00e9s sur des v\u00e9los avec ou sans moteur \u00e9lectrique (sp\u00e9cialisation en technique du v\u00e9lo) ou sur des motos \u00e0 moteur \u00e0 combustion ou \u00e0 propulsion alternative (sp\u00e9cialisation en technique de la moto). Les activit\u00e9s typiques sont des t\u00e2ches simples et structur\u00e9es de contr\u00f4le, de maintenance et de pr\u00e9paration, ainsi que le remplacement de pi\u00e8ces d&rsquo;usure et de composants, lorsque la proc\u00e9dure est clairement d\u00e9finie et structur\u00e9e. En outre, ils r\u00e9\u00e9quipent des composants et des installations simples de la technique des deux-roues.<\/p><p style=\"text-align: center;\"><a style=\"background-color: #ffffff; font-family: Roboto, sans-serif; font-size: 16px;\" href=\"https:\/\/www.2radschweiz.ch\/fr\/2rad-professions\/assistant-maintenance-deux-roues-afp\/\" target=\"_blank\" rel=\"noopener\"><span style=\"font-weight: bold;\"><u>&gt; PLUS D&rsquo;INFORMATIONS<\/u><\/span><\/a><\/p>\t\t\t\t\t\t\t\t<\/div>\n\t\t\t\t<\/div>\n\t\t\t\t\t<\/div>\n\t\t<\/div>\n\t\t\t\t\t<\/div>\n\t\t<\/section>\n\t\t\t\t<section class=\"elementor-section elementor-inner-section elementor-element elementor-element-f4a3705 elementor-section-full_width elementor-section-height-min-height elementor-section-height-default wpr-particle-no wpr-jarallax-no wpr-parallax-no wpr-sticky-section-no wpr-equal-height-no\" data-id=\"f4a3705\" data-element_type=\"section\" data-e-type=\"section\" data-settings=\"{&quot;background_background&quot;:&quot;classic&quot;}\">\n\t\t\t\t\t\t<div class=\"elementor-container elementor-column-gap-default\">\n\t\t\t\t\t<div class=\"elementor-column elementor-col-33 elementor-inner-column elementor-element elementor-element-f24d13b\" data-id=\"f24d13b\" data-element_type=\"column\" data-e-type=\"column\" data-settings=\"{&quot;background_background&quot;:&quot;classic&quot;}\">\n\t\t\t<div class=\"elementor-widget-wrap elementor-element-populated\">\n\t\t\t\t\t\t<div class=\"elementor-element elementor-element-10c14e8 elementor-hidden-desktop elementor-hidden-tablet elementor-widget elementor-widget-spacer\" data-id=\"10c14e8\" data-element_type=\"widget\" data-e-type=\"widget\" data-widget_type=\"spacer.default\">\n\t\t\t\t<div class=\"elementor-widget-container\">\n\t\t\t\t\t\t\t<div class=\"elementor-spacer\">\n\t\t\t<div class=\"elementor-spacer-inner\"><\/div>\n\t\t<\/div>\n\t\t\t\t\t\t<\/div>\n\t\t\t\t<\/div>\n\t\t\t\t\t<\/div>\n\t\t<\/div>\n\t\t\t\t<div class=\"elementor-column elementor-col-33 elementor-inner-column elementor-element elementor-element-6c0695b\" data-id=\"6c0695b\" data-element_type=\"column\" data-e-type=\"column\" data-settings=\"{&quot;background_background&quot;:&quot;classic&quot;}\">\n\t\t\t<div class=\"elementor-widget-wrap elementor-element-populated\">\n\t\t\t\t\t\t<div class=\"elementor-element elementor-element-cf6d3d1 elementor-hidden-desktop elementor-hidden-tablet elementor-widget elementor-widget-spacer\" data-id=\"cf6d3d1\" data-element_type=\"widget\" data-e-type=\"widget\" data-widget_type=\"spacer.default\">\n\t\t\t\t<div class=\"elementor-widget-container\">\n\t\t\t\t\t\t\t<div class=\"elementor-spacer\">\n\t\t\t<div class=\"elementor-spacer-inner\"><\/div>\n\t\t<\/div>\n\t\t\t\t\t\t<\/div>\n\t\t\t\t<\/div>\n\t\t\t\t\t<\/div>\n\t\t<\/div>\n\t\t\t\t<div class=\"elementor-column elementor-col-33 elementor-inner-column elementor-element elementor-element-ef90504\" data-id=\"ef90504\" data-element_type=\"column\" data-e-type=\"column\" data-settings=\"{&quot;background_background&quot;:&quot;classic&quot;}\">\n\t\t\t<div class=\"elementor-widget-wrap elementor-element-populated\">\n\t\t\t\t\t\t<div class=\"elementor-element elementor-element-6ddcf2d elementor-hidden-desktop elementor-hidden-tablet elementor-widget elementor-widget-spacer\" data-id=\"6ddcf2d\" data-element_type=\"widget\" data-e-type=\"widget\" data-widget_type=\"spacer.default\">\n\t\t\t\t<div class=\"elementor-widget-container\">\n\t\t\t\t\t\t\t<div class=\"elementor-spacer\">\n\t\t\t<div class=\"elementor-spacer-inner\"><\/div>\n\t\t<\/div>\n\t\t\t\t\t\t<\/div>\n\t\t\t\t<\/div>\n\t\t\t\t\t<\/div>\n\t\t<\/div>\n\t\t\t\t\t<\/div>\n\t\t<\/section>\n\t\t\t\t\t<\/div>\n\t\t<\/div>\n\t\t\t\t\t<\/div>\n\t\t<\/section>\n\t\t\t\t<section class=\"elementor-section elementor-top-section elementor-element elementor-element-f3509df elementor-section-boxed elementor-section-height-default elementor-section-height-default wpr-particle-no wpr-jarallax-no wpr-parallax-no wpr-sticky-section-no wpr-equal-height-no\" data-id=\"f3509df\" data-element_type=\"section\" data-e-type=\"section\" data-settings=\"{&quot;background_background&quot;:&quot;classic&quot;}\">\n\t\t\t\t\t\t<div class=\"elementor-container elementor-column-gap-default\">\n\t\t\t\t\t<div class=\"elementor-column elementor-col-100 elementor-top-column elementor-element elementor-element-47ac7b6\" data-id=\"47ac7b6\" data-element_type=\"column\" data-e-type=\"column\">\n\t\t\t<div class=\"elementor-widget-wrap elementor-element-populated\">\n\t\t\t\t\t\t<div class=\"elementor-element elementor-element-3ee6f11 elementor-widget elementor-widget-heading\" data-id=\"3ee6f11\" data-element_type=\"widget\" data-e-type=\"widget\" data-widget_type=\"heading.default\">\n\t\t\t\t<div class=\"elementor-widget-container\">\n\t\t\t\t\t<h2 class=\"elementor-heading-title elementor-size-default\">Test d\u2019aptitude<\/h2>\t\t\t\t<\/div>\n\t\t\t\t<\/div>\n\t\t\t\t<div class=\"elementor-element elementor-element-d26e89b elementor-widget elementor-widget-text-editor\" data-id=\"d26e89b\" data-element_type=\"widget\" data-e-type=\"widget\" data-widget_type=\"text-editor.default\">\n\t\t\t\t<div class=\"elementor-widget-container\">\n\t\t\t\t\t\t\t\t\t<p>Le test d\u2019aptitude de m\u00e9canicien(-ne) en cycles CFC et de m\u00e9canicien(-ne) en motocycles CFC permet de d\u00e9terminer si un\/e candidate a de bonnes chances de r\u00e9ussir son apprentissage dans ce m\u00e9tier. La r\u00e9ussite du test d\u2019aptitude permet \u00e9galement de trouver plus facilement une place d\u2019apprentissage.<\/p>\t\t\t\t\t\t\t\t<\/div>\n\t\t\t\t<\/div>\n\t\t\t\t<div class=\"elementor-element elementor-element-0d4b037 elementor-widget elementor-widget-spacer\" data-id=\"0d4b037\" data-element_type=\"widget\" data-e-type=\"widget\" data-widget_type=\"spacer.default\">\n\t\t\t\t<div class=\"elementor-widget-container\">\n\t\t\t\t\t\t\t<div class=\"elementor-spacer\">\n\t\t\t<div class=\"elementor-spacer-inner\"><\/div>\n\t\t<\/div>\n\t\t\t\t\t\t<\/div>\n\t\t\t\t<\/div>\n\t\t\t\t<div class=\"elementor-element elementor-element-6030d28 elementor-widget elementor-widget-heading\" data-id=\"6030d28\" data-element_type=\"widget\" data-e-type=\"widget\" data-widget_type=\"heading.default\">\n\t\t\t\t<div class=\"elementor-widget-container\">\n\t\t\t\t\t<h4 class=\"elementor-heading-title elementor-size-default\">Vaud<\/h4>\t\t\t\t<\/div>\n\t\t\t\t<\/div>\n\t\t\t\t<div class=\"elementor-element elementor-element-6cf097f elementor-widget elementor-widget-text-editor\" data-id=\"6cf097f\" data-element_type=\"widget\" data-e-type=\"widget\" data-widget_type=\"text-editor.default\">\n\t\t\t\t<div class=\"elementor-widget-container\">\n\t\t\t\t\t\t\t\t\t<p><img decoding=\"async\" class=\"alignleft\" src=\"\/wp-content\/uploads\/2021\/07\/Picto_cantons_Plan-de-travail-1-copie-7.svg\" alt=\"\" width=\"95\" height=\"95\" \/><\/p><p>\u00a0<\/p><p>\u00a0<\/p><p>\u00a0<\/p><p><strong>Lieu des tests\u00a0<\/strong><br \/>Centre de formation UPSA-VAUD, Av. des Sports 12, 1400 Yverdon-les-Bains<\/p><p><strong>Prix<\/strong><br \/>gratuit<\/p><p><strong>Organisateur des tests<\/strong><br \/>UPSA VAUD<\/p><p><strong>Contact<\/strong><br \/>Avenue des Sciences 17, 1400 Yverdon-les-Bains, 024 423 33 33, formation@upsa-vaud.ch<\/p><p><strong>Site internet<\/strong><br \/><a href=\"https:\/\/formation.upsa-vaud.ch\/test-daptitudes\/\" target=\"_blank\" rel=\"noopener\">https:\/\/formation.upsa-vaud.ch\/test-daptitudes\/<\/a><\/p>\t\t\t\t\t\t\t\t<\/div>\n\t\t\t\t<\/div>\n\t\t\t\t<div class=\"elementor-element elementor-element-de12895 elementor-widget elementor-widget-spacer\" data-id=\"de12895\" data-element_type=\"widget\" data-e-type=\"widget\" data-widget_type=\"spacer.default\">\n\t\t\t\t<div class=\"elementor-widget-container\">\n\t\t\t\t\t\t\t<div class=\"elementor-spacer\">\n\t\t\t<div class=\"elementor-spacer-inner\"><\/div>\n\t\t<\/div>\n\t\t\t\t\t\t<\/div>\n\t\t\t\t<\/div>\n\t\t\t\t\t<\/div>\n\t\t<\/div>\n\t\t\t\t\t<\/div>\n\t\t<\/section>\n\t\t\t\t<section class=\"elementor-section elementor-top-section elementor-element elementor-element-449cee6 elementor-section-boxed elementor-section-height-default elementor-section-height-default wpr-particle-no wpr-jarallax-no wpr-parallax-no wpr-sticky-section-no wpr-equal-height-no\" data-id=\"449cee6\" data-element_type=\"section\" data-e-type=\"section\" data-settings=\"{&quot;background_background&quot;:&quot;classic&quot;,&quot;shape_divider_top&quot;:&quot;opacity-tilt&quot;,&quot;animation&quot;:&quot;none&quot;}\">\n\t\t\t\t\t<div class=\"elementor-shape elementor-shape-top\" aria-hidden=\"true\" data-negative=\"false\">\n\t\t\t<svg xmlns=\"http:\/\/www.w3.org\/2000\/svg\" viewBox=\"0 0 2600 131.1\" preserveAspectRatio=\"none\">\n\t<path class=\"elementor-shape-fill\" d=\"M0 0L2600 0 2600 69.1 0 0z\"\/>\n\t<path class=\"elementor-shape-fill\" style=\"opacity:0.5\" d=\"M0 0L2600 0 2600 69.1 0 69.1z\"\/>\n\t<path class=\"elementor-shape-fill\" style=\"opacity:0.25\" d=\"M2600 0L0 0 0 130.1 2600 69.1z\"\/>\n<\/svg>\t\t<\/div>\n\t\t\t\t\t<div class=\"elementor-container elementor-column-gap-default\">\n\t\t\t\t\t<div class=\"elementor-column elementor-col-100 elementor-top-column elementor-element elementor-element-6914c5e elementor-invisible\" data-id=\"6914c5e\" data-element_type=\"column\" data-e-type=\"column\" data-settings=\"{&quot;animation&quot;:&quot;fadeIn&quot;}\">\n\t\t\t<div class=\"elementor-widget-wrap elementor-element-populated\">\n\t\t\t\t\t\t<div class=\"elementor-element elementor-element-b620273 elementor-widget elementor-widget-heading\" data-id=\"b620273\" data-element_type=\"widget\" data-e-type=\"widget\" data-widget_type=\"heading.default\">\n\t\t\t\t<div class=\"elementor-widget-container\">\n\t\t\t\t\t<h2 class=\"elementor-heading-title elementor-size-default\">Pour les apprentis<\/h2>\t\t\t\t<\/div>\n\t\t\t\t<\/div>\n\t\t\t\t<div class=\"elementor-element elementor-element-5285571 elementor-widget elementor-widget-text-editor\" data-id=\"5285571\" data-element_type=\"widget\" data-e-type=\"widget\" data-settings=\"{&quot;_animation&quot;:&quot;none&quot;}\" data-widget_type=\"text-editor.default\">\n\t\t\t\t<div class=\"elementor-widget-container\">\n\t\t\t\t\t\t\t\t\t<p>Durant leur formation, les apprenti(-e)s suivent des cours interentreprises afin de pouvoir acqu\u00e9rir la pratique n\u00e9cessaire qui ne peut pas ou tr\u00e8s difficilement \u00eatre enseign\u00e9e de mani\u00e8re similaire dans toutes les entreprises formatrices.\u00a0<\/p>\t\t\t\t\t\t\t\t<\/div>\n\t\t\t\t<\/div>\n\t\t\t\t<div class=\"elementor-element elementor-element-40e6940 elementor-align-center elementor-widget elementor-widget-button\" data-id=\"40e6940\" data-element_type=\"widget\" data-e-type=\"widget\" data-widget_type=\"button.default\">\n\t\t\t\t<div class=\"elementor-widget-container\">\n\t\t\t\t\t\t\t\t\t<div class=\"elementor-button-wrapper\">\n\t\t\t\t\t<a class=\"elementor-button elementor-button-link elementor-size-sm\" href=\"https:\/\/2roues-romandie.netmanage-dev.ch\/wp-content\/uploads\/2025\/07\/Calendrier-CI-2025-2026.pdf\" target=\"_blank\">\n\t\t\t\t\t\t<span class=\"elementor-button-content-wrapper\">\n\t\t\t\t\t\t\t\t\t<span class=\"elementor-button-text\">CALENDRIER CIE 2025-2026<\/span>\n\t\t\t\t\t<\/span>\n\t\t\t\t\t<\/a>\n\t\t\t\t<\/div>\n\t\t\t\t\t\t\t\t<\/div>\n\t\t\t\t<\/div>\n\t\t\t\t<div class=\"elementor-element elementor-element-2100767 elementor-align-center elementor-widget elementor-widget-button\" data-id=\"2100767\" data-element_type=\"widget\" data-e-type=\"widget\" data-widget_type=\"button.default\">\n\t\t\t\t<div class=\"elementor-widget-container\">\n\t\t\t\t\t\t\t\t\t<div class=\"elementor-button-wrapper\">\n\t\t\t\t\t<a class=\"elementor-button elementor-button-link elementor-size-sm\" href=\"https:\/\/2roues-romandie.netmanage-dev.ch\/wp-content\/uploads\/2026\/02\/Calendrier-CI.pdf\" target=\"_blank\">\n\t\t\t\t\t\t<span class=\"elementor-button-content-wrapper\">\n\t\t\t\t\t\t\t\t\t<span class=\"elementor-button-text\">CALENDRIER CIE 2026-2027<\/span>\n\t\t\t\t\t<\/span>\n\t\t\t\t\t<\/a>\n\t\t\t\t<\/div>\n\t\t\t\t\t\t\t\t<\/div>\n\t\t\t\t<\/div>\n\t\t\t\t<div class=\"elementor-element elementor-element-d1de4a9 elementor-align-center elementor-widget elementor-widget-button\" data-id=\"d1de4a9\" data-element_type=\"widget\" data-e-type=\"widget\" data-widget_type=\"button.default\">\n\t\t\t\t<div class=\"elementor-widget-container\">\n\t\t\t\t\t\t\t\t\t<div class=\"elementor-button-wrapper\">\n\t\t\t\t\t<a class=\"elementor-button elementor-button-link elementor-size-sm\" href=\"https:\/\/formation.upsa-vaud.ch\/\" target=\"_blank\">\n\t\t\t\t\t\t<span class=\"elementor-button-content-wrapper\">\n\t\t\t\t\t\t\t\t\t<span class=\"elementor-button-text\">FORMATION UPSA-VAUD<\/span>\n\t\t\t\t\t<\/span>\n\t\t\t\t\t<\/a>\n\t\t\t\t<\/div>\n\t\t\t\t\t\t\t\t<\/div>\n\t\t\t\t<\/div>\n\t\t\t\t<div class=\"elementor-element elementor-element-0922f4e elementor-align-center elementor-widget elementor-widget-button\" data-id=\"0922f4e\" data-element_type=\"widget\" data-e-type=\"widget\" data-widget_type=\"button.default\">\n\t\t\t\t<div class=\"elementor-widget-container\">\n\t\t\t\t\t\t\t\t\t<div class=\"elementor-button-wrapper\">\n\t\t\t\t\t<a class=\"elementor-button elementor-button-link elementor-size-sm\" href=\"https:\/\/2roues-romandie.netmanage-dev.ch\/wp-content\/uploads\/2023\/01\/2RSSR_Tutorial_classeur_de_formation.pdf\" target=\"_blank\">\n\t\t\t\t\t\t<span class=\"elementor-button-content-wrapper\">\n\t\t\t\t\t\t\t\t\t<span class=\"elementor-button-text\">Tutoriel pour remplir le classeur de formation<\/span>\n\t\t\t\t\t<\/span>\n\t\t\t\t\t<\/a>\n\t\t\t\t<\/div>\n\t\t\t\t\t\t\t\t<\/div>\n\t\t\t\t<\/div>\n\t\t\t\t\t<\/div>\n\t\t<\/div>\n\t\t\t\t\t<\/div>\n\t\t<\/section>\n\t\t\t\t<\/div>\n\t\t","protected":false},"excerpt":{"rendered":"<p>FORMATION L\u2019association \u00ab 2Roues Suisse section romande \u00bb a cr\u00e9\u00e9 en 2017 l\u2019association ind\u00e9pendante \u00ab CIE 2Roues Suisse section romande \u00bb pour l\u2019organisation des cours interentreprises des m\u00e9canicien(-ne)s en cycles CFC et m\u00e9canicien(-ne)s en motocycles CFC. Les apprentis des cantons de Vaud, Fribourg, Valais, Neuch\u00e2tel, Jura et Berne (partie francophone) suivent les cours interentreprises dans notre centre de Formation \u00e0 Yverdon-les-Bains. Les apprentissages 2roues L\u2019association collabore avec 2RSSR GE concernant l\u2019organisation des cours pour les apprenti(-e)s m\u00e9canicien(-ne)s motocycles de petites cylindr\u00e9es et cycle. M\u00e9canicien\/-cienne en cycles CFC Si vous aimez la technique, travaillez volontiers en \u00e9quipe et prenez plaisir \u00e0 conseiller la client\u00e8le, vous avez de bonnes dispositions pour exercer cette profession.Comme les m\u00e9caniciens et m\u00e9caniciennes en cycles sont charg\u00e9s de prendre en charge les v\u00e9hicules des clients, de les \u00e9valuer et d\u2019ex\u00e9cuter les ordres de mani\u00e8re professionnelle, ils doivent donc effectuer le contr\u00f4le des fonctions, les travaux de service et de r\u00e9paration de ces v\u00e9hicules. Ils conseillent les clients lors de l\u2019achat de v\u00e9los traditionnels, de bikes high-tech, de v\u00e9los \u00e9lectriques et de course. Ils les aident \u00e9galement \u00e0 choisir les accessoires et l\u2019\u00e9quipement ad\u00e9quats. &gt; PLUS D&rsquo;INFORMATIONS M\u00e9canicien\/-cienne en motocycles CFC Si vous aimez les machines lourdes et faites preuve de pers\u00e9v\u00e9rance, si vous vous sentez \u00e0 l\u2019aise avec les moteurs, les syst\u00e8mes \u00e9lectriques et \u00e9lectroniques, alors vous \u00eates au bon endroit. Comme les m\u00e9caniciens et les m\u00e9caniciennes en motocycles prennent en charge les v\u00e9hicules des clients, les \u00e9valuent et ex\u00e9cutent les ordres de mani\u00e8re professionnelle, ils doivent donc effectuer l\u2019ensemble des travaux de service et de r\u00e9paration, monter les accessoires et proc\u00e9der \u00e0 des r\u00e9glages du moteur. Ils conseillent \u00e9galement les clients pour les r\u00e9parations et le service des motos de toutes cat\u00e9gories. &gt; PLUS D&rsquo;INFORMATIONS Assistant(e) en maintenance des deux-roues AFP Les assistants et assistantes en maintenance de deux-roues travaillent dans des entreprises de la branche des deux-roues. Selon la structure de l&rsquo;entreprise, ils effectuent leurs activit\u00e9s sur des v\u00e9los avec ou sans moteur \u00e9lectrique (sp\u00e9cialisation en technique du v\u00e9lo) ou sur des motos \u00e0 moteur \u00e0 combustion ou \u00e0 propulsion alternative (sp\u00e9cialisation en technique de la moto). Les activit\u00e9s typiques sont des t\u00e2ches simples et structur\u00e9es de contr\u00f4le, de maintenance et de pr\u00e9paration, ainsi que le remplacement de pi\u00e8ces d&rsquo;usure et de composants, lorsque la proc\u00e9dure est clairement d\u00e9finie et structur\u00e9e. En outre, ils r\u00e9\u00e9quipent des composants et des installations simples de la technique des deux-roues. &gt; PLUS D&rsquo;INFORMATIONS Test d\u2019aptitude Le test d\u2019aptitude de m\u00e9canicien(-ne) en cycles CFC et de m\u00e9canicien(-ne) en motocycles CFC permet de d\u00e9terminer si un\/e candidate a de bonnes chances de r\u00e9ussir son apprentissage dans ce m\u00e9tier. La r\u00e9ussite du test d\u2019aptitude permet \u00e9galement de trouver plus facilement une place d\u2019apprentissage. Vaud \u00a0 \u00a0 \u00a0 Lieu des tests\u00a0Centre de formation UPSA-VAUD, Av. des Sports 12, 1400 Yverdon-les-Bains Prixgratuit Organisateur des testsUPSA VAUD ContactAvenue des Sciences 17, 1400 Yverdon-les-Bains, 024 423 33 33, formation@upsa-vaud.ch Site internethttps:\/\/formation.upsa-vaud.ch\/test-daptitudes\/ Pour les apprentis Durant leur formation, les apprenti(-e)s suivent des cours interentreprises afin de pouvoir acqu\u00e9rir la pratique n\u00e9cessaire qui ne peut pas ou tr\u00e8s difficilement \u00eatre enseign\u00e9e de mani\u00e8re similaire dans toutes les entreprises formatrices.\u00a0 CALENDRIER CIE 2025-2026 CALENDRIER CIE 2026-2027 FORMATION UPSA-VAUD Tutoriel pour remplir le classeur de formation<\/p>\n","protected":false},"author":6,"featured_media":0,"parent":0,"menu_order":0,"comment_status":"closed","ping_status":"closed","template":"elementor_header_footer","meta":{"footnotes":""},"class_list":["post-175","page","type-page","status-publish","hentry"],"yoast_head":"<!-- This site is optimized with the Yoast SEO plugin v27.5 - https:\/\/yoast.com\/product\/yoast-seo-wordpress\/ -->\n<title>Formation - 2roues Suisse section romande<\/title>\n<meta name=\"robots\" content=\"index, follow, max-snippet:-1, max-image-preview:large, max-video-preview:-1\" \/>\n<link rel=\"canonical\" href=\"https:\/\/2roues-romandie.netmanage-dev.ch\/index.php\/formation\/\" \/>\n<meta property=\"og:locale\" content=\"fr_FR\" \/>\n<meta property=\"og:type\" content=\"article\" \/>\n<meta property=\"og:title\" content=\"Formation - 2roues Suisse section romande\" \/>\n<meta property=\"og:description\" content=\"FORMATION L\u2019association \u00ab 2Roues Suisse section romande \u00bb a cr\u00e9\u00e9 en 2017 l\u2019association ind\u00e9pendante \u00ab CIE 2Roues Suisse section romande \u00bb pour l\u2019organisation des cours interentreprises des m\u00e9canicien(-ne)s en cycles CFC et m\u00e9canicien(-ne)s en motocycles CFC. Les apprentis des cantons de Vaud, Fribourg, Valais, Neuch\u00e2tel, Jura et Berne (partie francophone) suivent les cours interentreprises dans notre centre de Formation \u00e0 Yverdon-les-Bains. Les apprentissages 2roues L\u2019association collabore avec 2RSSR GE concernant l\u2019organisation des cours pour les apprenti(-e)s m\u00e9canicien(-ne)s motocycles de petites cylindr\u00e9es et cycle. M\u00e9canicien\/-cienne en cycles CFC Si vous aimez la technique, travaillez volontiers en \u00e9quipe et prenez plaisir \u00e0 conseiller la client\u00e8le, vous avez de bonnes dispositions pour exercer cette profession.Comme les m\u00e9caniciens et m\u00e9caniciennes en cycles sont charg\u00e9s de prendre en charge les v\u00e9hicules des clients, de les \u00e9valuer et d\u2019ex\u00e9cuter les ordres de mani\u00e8re professionnelle, ils doivent donc effectuer le contr\u00f4le des fonctions, les travaux de service et de r\u00e9paration de ces v\u00e9hicules. Ils conseillent les clients lors de l\u2019achat de v\u00e9los traditionnels, de bikes high-tech, de v\u00e9los \u00e9lectriques et de course. Ils les aident \u00e9galement \u00e0 choisir les accessoires et l\u2019\u00e9quipement ad\u00e9quats. &gt; PLUS D&rsquo;INFORMATIONS M\u00e9canicien\/-cienne en motocycles CFC Si vous aimez les machines lourdes et faites preuve de pers\u00e9v\u00e9rance, si vous vous sentez \u00e0 l\u2019aise avec les moteurs, les syst\u00e8mes \u00e9lectriques et \u00e9lectroniques, alors vous \u00eates au bon endroit. Comme les m\u00e9caniciens et les m\u00e9caniciennes en motocycles prennent en charge les v\u00e9hicules des clients, les \u00e9valuent et ex\u00e9cutent les ordres de mani\u00e8re professionnelle, ils doivent donc effectuer l\u2019ensemble des travaux de service et de r\u00e9paration, monter les accessoires et proc\u00e9der \u00e0 des r\u00e9glages du moteur. Ils conseillent \u00e9galement les clients pour les r\u00e9parations et le service des motos de toutes cat\u00e9gories. &gt; PLUS D&rsquo;INFORMATIONS Assistant(e) en maintenance des deux-roues AFP Les assistants et assistantes en maintenance de deux-roues travaillent dans des entreprises de la branche des deux-roues. Selon la structure de l&rsquo;entreprise, ils effectuent leurs activit\u00e9s sur des v\u00e9los avec ou sans moteur \u00e9lectrique (sp\u00e9cialisation en technique du v\u00e9lo) ou sur des motos \u00e0 moteur \u00e0 combustion ou \u00e0 propulsion alternative (sp\u00e9cialisation en technique de la moto). Les activit\u00e9s typiques sont des t\u00e2ches simples et structur\u00e9es de contr\u00f4le, de maintenance et de pr\u00e9paration, ainsi que le remplacement de pi\u00e8ces d&rsquo;usure et de composants, lorsque la proc\u00e9dure est clairement d\u00e9finie et structur\u00e9e. En outre, ils r\u00e9\u00e9quipent des composants et des installations simples de la technique des deux-roues. &gt; PLUS D&rsquo;INFORMATIONS Test d\u2019aptitude Le test d\u2019aptitude de m\u00e9canicien(-ne) en cycles CFC et de m\u00e9canicien(-ne) en motocycles CFC permet de d\u00e9terminer si un\/e candidate a de bonnes chances de r\u00e9ussir son apprentissage dans ce m\u00e9tier. La r\u00e9ussite du test d\u2019aptitude permet \u00e9galement de trouver plus facilement une place d\u2019apprentissage. Vaud \u00a0 \u00a0 \u00a0 Lieu des tests\u00a0Centre de formation UPSA-VAUD, Av. des Sports 12, 1400 Yverdon-les-Bains Prixgratuit Organisateur des testsUPSA VAUD ContactAvenue des Sciences 17, 1400 Yverdon-les-Bains, 024 423 33 33, formation@upsa-vaud.ch Site internethttps:\/\/formation.upsa-vaud.ch\/test-daptitudes\/ Pour les apprentis Durant leur formation, les apprenti(-e)s suivent des cours interentreprises afin de pouvoir acqu\u00e9rir la pratique n\u00e9cessaire qui ne peut pas ou tr\u00e8s difficilement \u00eatre enseign\u00e9e de mani\u00e8re similaire dans toutes les entreprises formatrices.\u00a0 CALENDRIER CIE 2025-2026 CALENDRIER CIE 2026-2027 FORMATION UPSA-VAUD Tutoriel pour remplir le classeur de formation\" \/>\n<meta property=\"og:url\" content=\"https:\/\/2roues-romandie.netmanage-dev.ch\/index.php\/formation\/\" \/>\n<meta property=\"og:site_name\" content=\"2roues Suisse section romande\" \/>\n<meta property=\"article:modified_time\" content=\"2026-02-24T12:16:24+00:00\" \/>\n<meta name=\"twitter:card\" content=\"summary_large_image\" \/>\n<meta name=\"twitter:label1\" content=\"Dur\u00e9e de lecture estim\u00e9e\" \/>\n\t<meta name=\"twitter:data1\" content=\"3 minutes\" \/>\n<script type=\"application\/ld+json\" class=\"yoast-schema-graph\">{\"@context\":\"https:\\\/\\\/schema.org\",\"@graph\":[{\"@type\":\"WebPage\",\"@id\":\"https:\\\/\\\/2roues-romandie.netmanage-dev.ch\\\/index.php\\\/formation\\\/\",\"url\":\"https:\\\/\\\/2roues-romandie.netmanage-dev.ch\\\/index.php\\\/formation\\\/\",\"name\":\"Formation - 2roues Suisse section romande\",\"isPartOf\":{\"@id\":\"https:\\\/\\\/2roues-romandie.netmanage-dev.ch\\\/#website\"},\"datePublished\":\"2021-04-22T11:15:51+00:00\",\"dateModified\":\"2026-02-24T12:16:24+00:00\",\"breadcrumb\":{\"@id\":\"https:\\\/\\\/2roues-romandie.netmanage-dev.ch\\\/index.php\\\/formation\\\/#breadcrumb\"},\"inLanguage\":\"fr-FR\",\"potentialAction\":[{\"@type\":\"ReadAction\",\"target\":[\"https:\\\/\\\/2roues-romandie.netmanage-dev.ch\\\/index.php\\\/formation\\\/\"]}]},{\"@type\":\"BreadcrumbList\",\"@id\":\"https:\\\/\\\/2roues-romandie.netmanage-dev.ch\\\/index.php\\\/formation\\\/#breadcrumb\",\"itemListElement\":[{\"@type\":\"ListItem\",\"position\":1,\"name\":\"Accueil\",\"item\":\"https:\\\/\\\/2roues-romandie.netmanage-dev.ch\\\/\"},{\"@type\":\"ListItem\",\"position\":2,\"name\":\"Formation\"}]},{\"@type\":\"WebSite\",\"@id\":\"https:\\\/\\\/2roues-romandie.netmanage-dev.ch\\\/#website\",\"url\":\"https:\\\/\\\/2roues-romandie.netmanage-dev.ch\\\/\",\"name\":\"2roues Suisse section romande\",\"description\":\"2roues Suisse section romande (2RSSR) est membre de l&#039;association fa\u00eeti\u00e8re 2roues Suisse. Cette derni\u00e8re s&#039;engage pour les int\u00e9r\u00eats et les besoins des commerces sp\u00e9cialis\u00e9s deux-roues et les repr\u00e9sente en politique, aupr\u00e8s des autorit\u00e9s, fournisseurs et autres organisations de la branche.\",\"publisher\":{\"@id\":\"https:\\\/\\\/2roues-romandie.netmanage-dev.ch\\\/#organization\"},\"potentialAction\":[{\"@type\":\"SearchAction\",\"target\":{\"@type\":\"EntryPoint\",\"urlTemplate\":\"https:\\\/\\\/2roues-romandie.netmanage-dev.ch\\\/?s={search_term_string}\"},\"query-input\":{\"@type\":\"PropertyValueSpecification\",\"valueRequired\":true,\"valueName\":\"search_term_string\"}}],\"inLanguage\":\"fr-FR\"},{\"@type\":\"Organization\",\"@id\":\"https:\\\/\\\/2roues-romandie.netmanage-dev.ch\\\/#organization\",\"name\":\"2roues Suisse section romande\",\"url\":\"https:\\\/\\\/2roues-romandie.netmanage-dev.ch\\\/\",\"logo\":{\"@type\":\"ImageObject\",\"inLanguage\":\"fr-FR\",\"@id\":\"https:\\\/\\\/2roues-romandie.netmanage-dev.ch\\\/#\\\/schema\\\/logo\\\/image\\\/\",\"url\":\"https:\\\/\\\/2roues-romandie.netmanage-dev.ch\\\/wp-content\\\/uploads\\\/2020\\\/11\\\/Logo_2roues_Site.png\",\"contentUrl\":\"https:\\\/\\\/2roues-romandie.netmanage-dev.ch\\\/wp-content\\\/uploads\\\/2020\\\/11\\\/Logo_2roues_Site.png\",\"width\":350,\"height\":100,\"caption\":\"2roues Suisse section romande\"},\"image\":{\"@id\":\"https:\\\/\\\/2roues-romandie.netmanage-dev.ch\\\/#\\\/schema\\\/logo\\\/image\\\/\"}}]}<\/script>\n<!-- \/ Yoast SEO plugin. -->","yoast_head_json":{"title":"Formation - 2roues Suisse section romande","robots":{"index":"index","follow":"follow","max-snippet":"max-snippet:-1","max-image-preview":"max-image-preview:large","max-video-preview":"max-video-preview:-1"},"canonical":"https:\/\/2roues-romandie.netmanage-dev.ch\/index.php\/formation\/","og_locale":"fr_FR","og_type":"article","og_title":"Formation - 2roues Suisse section romande","og_description":"FORMATION L\u2019association \u00ab 2Roues Suisse section romande \u00bb a cr\u00e9\u00e9 en 2017 l\u2019association ind\u00e9pendante \u00ab CIE 2Roues Suisse section romande \u00bb pour l\u2019organisation des cours interentreprises des m\u00e9canicien(-ne)s en cycles CFC et m\u00e9canicien(-ne)s en motocycles CFC. Les apprentis des cantons de Vaud, Fribourg, Valais, Neuch\u00e2tel, Jura et Berne (partie francophone) suivent les cours interentreprises dans notre centre de Formation \u00e0 Yverdon-les-Bains. Les apprentissages 2roues L\u2019association collabore avec 2RSSR GE concernant l\u2019organisation des cours pour les apprenti(-e)s m\u00e9canicien(-ne)s motocycles de petites cylindr\u00e9es et cycle. M\u00e9canicien\/-cienne en cycles CFC Si vous aimez la technique, travaillez volontiers en \u00e9quipe et prenez plaisir \u00e0 conseiller la client\u00e8le, vous avez de bonnes dispositions pour exercer cette profession.Comme les m\u00e9caniciens et m\u00e9caniciennes en cycles sont charg\u00e9s de prendre en charge les v\u00e9hicules des clients, de les \u00e9valuer et d\u2019ex\u00e9cuter les ordres de mani\u00e8re professionnelle, ils doivent donc effectuer le contr\u00f4le des fonctions, les travaux de service et de r\u00e9paration de ces v\u00e9hicules. Ils conseillent les clients lors de l\u2019achat de v\u00e9los traditionnels, de bikes high-tech, de v\u00e9los \u00e9lectriques et de course. Ils les aident \u00e9galement \u00e0 choisir les accessoires et l\u2019\u00e9quipement ad\u00e9quats. &gt; PLUS D&rsquo;INFORMATIONS M\u00e9canicien\/-cienne en motocycles CFC Si vous aimez les machines lourdes et faites preuve de pers\u00e9v\u00e9rance, si vous vous sentez \u00e0 l\u2019aise avec les moteurs, les syst\u00e8mes \u00e9lectriques et \u00e9lectroniques, alors vous \u00eates au bon endroit. Comme les m\u00e9caniciens et les m\u00e9caniciennes en motocycles prennent en charge les v\u00e9hicules des clients, les \u00e9valuent et ex\u00e9cutent les ordres de mani\u00e8re professionnelle, ils doivent donc effectuer l\u2019ensemble des travaux de service et de r\u00e9paration, monter les accessoires et proc\u00e9der \u00e0 des r\u00e9glages du moteur. Ils conseillent \u00e9galement les clients pour les r\u00e9parations et le service des motos de toutes cat\u00e9gories. &gt; PLUS D&rsquo;INFORMATIONS Assistant(e) en maintenance des deux-roues AFP Les assistants et assistantes en maintenance de deux-roues travaillent dans des entreprises de la branche des deux-roues. Selon la structure de l&rsquo;entreprise, ils effectuent leurs activit\u00e9s sur des v\u00e9los avec ou sans moteur \u00e9lectrique (sp\u00e9cialisation en technique du v\u00e9lo) ou sur des motos \u00e0 moteur \u00e0 combustion ou \u00e0 propulsion alternative (sp\u00e9cialisation en technique de la moto). Les activit\u00e9s typiques sont des t\u00e2ches simples et structur\u00e9es de contr\u00f4le, de maintenance et de pr\u00e9paration, ainsi que le remplacement de pi\u00e8ces d&rsquo;usure et de composants, lorsque la proc\u00e9dure est clairement d\u00e9finie et structur\u00e9e. En outre, ils r\u00e9\u00e9quipent des composants et des installations simples de la technique des deux-roues. &gt; PLUS D&rsquo;INFORMATIONS Test d\u2019aptitude Le test d\u2019aptitude de m\u00e9canicien(-ne) en cycles CFC et de m\u00e9canicien(-ne) en motocycles CFC permet de d\u00e9terminer si un\/e candidate a de bonnes chances de r\u00e9ussir son apprentissage dans ce m\u00e9tier. La r\u00e9ussite du test d\u2019aptitude permet \u00e9galement de trouver plus facilement une place d\u2019apprentissage. Vaud \u00a0 \u00a0 \u00a0 Lieu des tests\u00a0Centre de formation UPSA-VAUD, Av. des Sports 12, 1400 Yverdon-les-Bains Prixgratuit Organisateur des testsUPSA VAUD ContactAvenue des Sciences 17, 1400 Yverdon-les-Bains, 024 423 33 33, formation@upsa-vaud.ch Site internethttps:\/\/formation.upsa-vaud.ch\/test-daptitudes\/ Pour les apprentis Durant leur formation, les apprenti(-e)s suivent des cours interentreprises afin de pouvoir acqu\u00e9rir la pratique n\u00e9cessaire qui ne peut pas ou tr\u00e8s difficilement \u00eatre enseign\u00e9e de mani\u00e8re similaire dans toutes les entreprises formatrices.\u00a0 CALENDRIER CIE 2025-2026 CALENDRIER CIE 2026-2027 FORMATION UPSA-VAUD Tutoriel pour remplir le classeur de formation","og_url":"https:\/\/2roues-romandie.netmanage-dev.ch\/index.php\/formation\/","og_site_name":"2roues Suisse section romande","article_modified_time":"2026-02-24T12:16:24+00:00","twitter_card":"summary_large_image","twitter_misc":{"Dur\u00e9e de lecture estim\u00e9e":"3 minutes"},"schema":{"@context":"https:\/\/schema.org","@graph":[{"@type":"WebPage","@id":"https:\/\/2roues-romandie.netmanage-dev.ch\/index.php\/formation\/","url":"https:\/\/2roues-romandie.netmanage-dev.ch\/index.php\/formation\/","name":"Formation - 2roues Suisse section romande","isPartOf":{"@id":"https:\/\/2roues-romandie.netmanage-dev.ch\/#website"},"datePublished":"2021-04-22T11:15:51+00:00","dateModified":"2026-02-24T12:16:24+00:00","breadcrumb":{"@id":"https:\/\/2roues-romandie.netmanage-dev.ch\/index.php\/formation\/#breadcrumb"},"inLanguage":"fr-FR","potentialAction":[{"@type":"ReadAction","target":["https:\/\/2roues-romandie.netmanage-dev.ch\/index.php\/formation\/"]}]},{"@type":"BreadcrumbList","@id":"https:\/\/2roues-romandie.netmanage-dev.ch\/index.php\/formation\/#breadcrumb","itemListElement":[{"@type":"ListItem","position":1,"name":"Accueil","item":"https:\/\/2roues-romandie.netmanage-dev.ch\/"},{"@type":"ListItem","position":2,"name":"Formation"}]},{"@type":"WebSite","@id":"https:\/\/2roues-romandie.netmanage-dev.ch\/#website","url":"https:\/\/2roues-romandie.netmanage-dev.ch\/","name":"2roues Suisse section romande","description":"2roues Suisse section romande (2RSSR) est membre de l&#039;association fa\u00eeti\u00e8re 2roues Suisse. Cette derni\u00e8re s&#039;engage pour les int\u00e9r\u00eats et les besoins des commerces sp\u00e9cialis\u00e9s deux-roues et les repr\u00e9sente en politique, aupr\u00e8s des autorit\u00e9s, fournisseurs et autres organisations de la branche.","publisher":{"@id":"https:\/\/2roues-romandie.netmanage-dev.ch\/#organization"},"potentialAction":[{"@type":"SearchAction","target":{"@type":"EntryPoint","urlTemplate":"https:\/\/2roues-romandie.netmanage-dev.ch\/?s={search_term_string}"},"query-input":{"@type":"PropertyValueSpecification","valueRequired":true,"valueName":"search_term_string"}}],"inLanguage":"fr-FR"},{"@type":"Organization","@id":"https:\/\/2roues-romandie.netmanage-dev.ch\/#organization","name":"2roues Suisse section romande","url":"https:\/\/2roues-romandie.netmanage-dev.ch\/","logo":{"@type":"ImageObject","inLanguage":"fr-FR","@id":"https:\/\/2roues-romandie.netmanage-dev.ch\/#\/schema\/logo\/image\/","url":"https:\/\/2roues-romandie.netmanage-dev.ch\/wp-content\/uploads\/2020\/11\/Logo_2roues_Site.png","contentUrl":"https:\/\/2roues-romandie.netmanage-dev.ch\/wp-content\/uploads\/2020\/11\/Logo_2roues_Site.png","width":350,"height":100,"caption":"2roues Suisse section romande"},"image":{"@id":"https:\/\/2roues-romandie.netmanage-dev.ch\/#\/schema\/logo\/image\/"}}]}},"_links":{"self":[{"href":"https:\/\/2roues-romandie.netmanage-dev.ch\/index.php\/wp-json\/wp\/v2\/pages\/175","targetHints":{"allow":["GET"]}}],"collection":[{"href":"https:\/\/2roues-romandie.netmanage-dev.ch\/index.php\/wp-json\/wp\/v2\/pages"}],"about":[{"href":"https:\/\/2roues-romandie.netmanage-dev.ch\/index.php\/wp-json\/wp\/v2\/types\/page"}],"author":[{"embeddable":true,"href":"https:\/\/2roues-romandie.netmanage-dev.ch\/index.php\/wp-json\/wp\/v2\/users\/6"}],"replies":[{"embeddable":true,"href":"https:\/\/2roues-romandie.netmanage-dev.ch\/index.php\/wp-json\/wp\/v2\/comments?post=175"}],"version-history":[{"count":533,"href":"https:\/\/2roues-romandie.netmanage-dev.ch\/index.php\/wp-json\/wp\/v2\/pages\/175\/revisions"}],"predecessor-version":[{"id":5678,"href":"https:\/\/2roues-romandie.netmanage-dev.ch\/index.php\/wp-json\/wp\/v2\/pages\/175\/revisions\/5678"}],"wp:attachment":[{"href":"https:\/\/2roues-romandie.netmanage-dev.ch\/index.php\/wp-json\/wp\/v2\/media?parent=175"}],"curies":[{"name":"wp","href":"https:\/\/api.w.org\/{rel}","templated":true}]}}