{"id":1981,"date":"2021-07-27T14:34:01","date_gmt":"2021-07-27T14:34:01","guid":{"rendered":"https:\/\/2roues-romandie.netmanage-dev.ch\/?page_id=1981"},"modified":"2026-02-24T12:21:12","modified_gmt":"2026-02-24T12:21:12","slug":"nuetzliche-links","status":"publish","type":"page","link":"https:\/\/2roues-romandie.netmanage-dev.ch\/index.php\/de\/nuetzliche-links\/","title":{"rendered":"N\u00fctzliche Links"},"content":{"rendered":"\t\t<div data-elementor-type=\"wp-page\" data-elementor-id=\"1981\" class=\"elementor elementor-1981\" data-elementor-post-type=\"page\">\n\t\t\t\t\t\t<section class=\"elementor-section elementor-top-section elementor-element elementor-element-6d4aa7c elementor-section-boxed elementor-section-height-default elementor-section-height-default wpr-particle-no wpr-jarallax-no wpr-parallax-no wpr-sticky-section-no wpr-equal-height-no\" data-id=\"6d4aa7c\" data-element_type=\"section\" data-e-type=\"section\" data-settings=\"{&quot;background_background&quot;:&quot;classic&quot;,&quot;animation&quot;:&quot;none&quot;,&quot;shape_divider_bottom&quot;:&quot;opacity-tilt&quot;}\">\n\t\t\t\t\t<div class=\"elementor-shape elementor-shape-bottom\" aria-hidden=\"true\" data-negative=\"false\">\n\t\t\t<svg xmlns=\"http:\/\/www.w3.org\/2000\/svg\" viewBox=\"0 0 2600 131.1\" preserveAspectRatio=\"none\">\n\t<path class=\"elementor-shape-fill\" d=\"M0 0L2600 0 2600 69.1 0 0z\"\/>\n\t<path class=\"elementor-shape-fill\" style=\"opacity:0.5\" d=\"M0 0L2600 0 2600 69.1 0 69.1z\"\/>\n\t<path class=\"elementor-shape-fill\" style=\"opacity:0.25\" d=\"M2600 0L0 0 0 130.1 2600 69.1z\"\/>\n<\/svg>\t\t<\/div>\n\t\t\t\t\t<div class=\"elementor-container elementor-column-gap-default\">\n\t\t\t\t\t<div class=\"elementor-column elementor-col-100 elementor-top-column elementor-element elementor-element-3950c2b elementor-invisible\" data-id=\"3950c2b\" data-element_type=\"column\" data-e-type=\"column\" data-settings=\"{&quot;animation&quot;:&quot;fadeIn&quot;}\">\n\t\t\t<div class=\"elementor-widget-wrap elementor-element-populated\">\n\t\t\t\t\t\t<div class=\"elementor-element elementor-element-34eb64c elementor-widget elementor-widget-heading\" data-id=\"34eb64c\" data-element_type=\"widget\" data-e-type=\"widget\" data-widget_type=\"heading.default\">\n\t\t\t\t<div class=\"elementor-widget-container\">\n\t\t\t\t\t<h2 class=\"elementor-heading-title elementor-size-default\">N\u00fctzliche links<\/h2>\t\t\t\t<\/div>\n\t\t\t\t<\/div>\n\t\t\t\t\t<\/div>\n\t\t<\/div>\n\t\t\t\t\t<\/div>\n\t\t<\/section>\n\t\t\t\t<section class=\"elementor-section elementor-top-section elementor-element elementor-element-3bf30e1 elementor-section-boxed elementor-section-height-default elementor-section-height-default wpr-particle-no wpr-jarallax-no wpr-parallax-no wpr-sticky-section-no wpr-equal-height-no\" data-id=\"3bf30e1\" data-element_type=\"section\" data-e-type=\"section\" data-settings=\"{&quot;background_background&quot;:&quot;classic&quot;,&quot;animation&quot;:&quot;none&quot;,&quot;shape_divider_bottom&quot;:&quot;opacity-tilt&quot;,&quot;shape_divider_top&quot;:&quot;opacity-tilt&quot;}\">\n\t\t\t\t\t<div class=\"elementor-shape elementor-shape-top\" aria-hidden=\"true\" data-negative=\"false\">\n\t\t\t<svg xmlns=\"http:\/\/www.w3.org\/2000\/svg\" viewBox=\"0 0 2600 131.1\" preserveAspectRatio=\"none\">\n\t<path class=\"elementor-shape-fill\" d=\"M0 0L2600 0 2600 69.1 0 0z\"\/>\n\t<path class=\"elementor-shape-fill\" style=\"opacity:0.5\" d=\"M0 0L2600 0 2600 69.1 0 69.1z\"\/>\n\t<path class=\"elementor-shape-fill\" style=\"opacity:0.25\" d=\"M2600 0L0 0 0 130.1 2600 69.1z\"\/>\n<\/svg>\t\t<\/div>\n\t\t\t\t<div class=\"elementor-shape elementor-shape-bottom\" aria-hidden=\"true\" data-negative=\"false\">\n\t\t\t<svg xmlns=\"http:\/\/www.w3.org\/2000\/svg\" viewBox=\"0 0 2600 131.1\" preserveAspectRatio=\"none\">\n\t<path class=\"elementor-shape-fill\" d=\"M0 0L2600 0 2600 69.1 0 0z\"\/>\n\t<path class=\"elementor-shape-fill\" style=\"opacity:0.5\" d=\"M0 0L2600 0 2600 69.1 0 69.1z\"\/>\n\t<path class=\"elementor-shape-fill\" style=\"opacity:0.25\" d=\"M2600 0L0 0 0 130.1 2600 69.1z\"\/>\n<\/svg>\t\t<\/div>\n\t\t\t\t\t<div class=\"elementor-container elementor-column-gap-default\">\n\t\t\t\t\t<div class=\"elementor-column elementor-col-100 elementor-top-column elementor-element elementor-element-8d14780 elementor-invisible\" data-id=\"8d14780\" data-element_type=\"column\" data-e-type=\"column\" data-settings=\"{&quot;animation&quot;:&quot;fadeIn&quot;}\">\n\t\t\t<div class=\"elementor-widget-wrap elementor-element-populated\">\n\t\t\t\t\t\t<div class=\"elementor-element elementor-element-2a9df7f elementor-widget elementor-widget-text-editor\" data-id=\"2a9df7f\" data-element_type=\"widget\" data-e-type=\"widget\" data-settings=\"{&quot;_animation&quot;:&quot;none&quot;}\" data-widget_type=\"text-editor.default\">\n\t\t\t\t<div class=\"elementor-widget-container\">\n\t\t\t\t\t\t\t\t\t<ul><li><span style=\"color: #ffffff;\"><a style=\"color: #ffffff;\" href=\"https:\/\/www.2radschweiz.ch\/fr\/\">Dachverband 2Rad Schweiz<\/a><\/span><\/li><li><span style=\"color: #ffffff;\"><a style=\"color: #ffffff;\" href=\"https:\/\/www.cpc2r.ch\/fr\/occasions\">2Rad Occasionen<\/a><\/span><\/li><li><span style=\"color: #ffffff;\"><a style=\"color: #ffffff;\" href=\"https:\/\/formation.upsa-vaud.ch\/notre-centre\/\">Centre de formation YMECA<\/a>, Avenue des Sciences 17, 1400 Yverdon-les-Bains<\/span><\/li><li><span style=\"color: #ffffff;\"><a style=\"color: #ffffff;\" href=\"https:\/\/www.berufsbildung-freiburg.ch\/?_gl=1*mylgrd*_gcl_au*MTI3OTczMDg3LjE3Njc3NzgwNjc.\">berufsbildun-freiburg.ch<\/a><\/span><\/li><\/ul>\t\t\t\t\t\t\t\t<\/div>\n\t\t\t\t<\/div>\n\t\t\t\t\t<\/div>\n\t\t<\/div>\n\t\t\t\t\t<\/div>\n\t\t<\/section>\n\t\t\t\t<section class=\"elementor-section elementor-top-section elementor-element elementor-element-1d2d987 elementor-section-boxed elementor-section-height-default elementor-section-height-default wpr-particle-no wpr-jarallax-no wpr-parallax-no wpr-sticky-section-no wpr-equal-height-no\" data-id=\"1d2d987\" data-element_type=\"section\" data-e-type=\"section\" data-settings=\"{&quot;background_background&quot;:&quot;classic&quot;}\">\n\t\t\t\t\t\t<div class=\"elementor-container elementor-column-gap-default\">\n\t\t\t\t\t<div class=\"elementor-column elementor-col-100 elementor-top-column elementor-element elementor-element-0065562\" data-id=\"0065562\" data-element_type=\"column\" data-e-type=\"column\">\n\t\t\t<div class=\"elementor-widget-wrap elementor-element-populated\">\n\t\t\t\t\t\t<div class=\"elementor-element elementor-element-834f8de elementor-widget elementor-widget-heading\" data-id=\"834f8de\" data-element_type=\"widget\" data-e-type=\"widget\" data-widget_type=\"heading.default\">\n\t\t\t\t<div class=\"elementor-widget-container\">\n\t\t\t\t\t<h2 class=\"elementor-heading-title elementor-size-default\">Links unserer Partner<\/h2>\t\t\t\t<\/div>\n\t\t\t\t<\/div>\n\t\t\t\t<section class=\"elementor-section elementor-inner-section elementor-element elementor-element-747098c elementor-section-full_width elementor-section-height-default elementor-section-height-default wpr-particle-no wpr-jarallax-no wpr-parallax-no wpr-sticky-section-no wpr-equal-height-no\" data-id=\"747098c\" data-element_type=\"section\" data-e-type=\"section\">\n\t\t\t\t\t\t<div class=\"elementor-container elementor-column-gap-default\">\n\t\t\t\t\t<div class=\"elementor-column elementor-col-33 elementor-inner-column elementor-element elementor-element-43423ac\" data-id=\"43423ac\" data-element_type=\"column\" data-e-type=\"column\">\n\t\t\t<div class=\"elementor-widget-wrap elementor-element-populated\">\n\t\t\t\t\t\t<div class=\"elementor-element elementor-element-9450e89 elementor-position-top elementor-widget elementor-widget-image-box\" data-id=\"9450e89\" data-element_type=\"widget\" data-e-type=\"widget\" data-widget_type=\"image-box.default\">\n\t\t\t\t<div class=\"elementor-widget-container\">\n\t\t\t\t\t<div class=\"elementor-image-box-wrapper\"><figure class=\"elementor-image-box-img\"><a href=\"https:\/\/motorex.com\/de-ch\" target=\"_blank\" tabindex=\"-1\"><img decoding=\"async\" src=\"https:\/\/2roues-romandie.netmanage-dev.ch\/wp-content\/uploads\/elementor\/thumbs\/Motorex-rmnszlh9zsvwin6inpze0amcakqyqfiyt3syc41ls8.jpg\" title=\"Motorex\" alt=\"Lubrifiants pour 2roues\" class=\"elementor-animation-grow\" loading=\"lazy\" \/><\/a><\/figure><div class=\"elementor-image-box-content\"><h3 class=\"elementor-image-box-title\"><a href=\"https:\/\/motorex.com\/de-ch\" target=\"_blank\">Schmiermittel f\u00fcr 2R\u00e4der <\/a><\/h3><\/div><\/div>\t\t\t\t<\/div>\n\t\t\t\t<\/div>\n\t\t\t\t<div class=\"elementor-element elementor-element-e4853a6 elementor-position-top elementor-widget elementor-widget-image-box\" data-id=\"e4853a6\" data-element_type=\"widget\" data-e-type=\"widget\" data-widget_type=\"image-box.default\">\n\t\t\t\t<div class=\"elementor-widget-container\">\n\t\t\t\t\t<div class=\"elementor-image-box-wrapper\"><figure class=\"elementor-image-box-img\"><a href=\"http:\/\/www.ugd.ch\/index.php?id=1&#038;L=1\" target=\"_blank\" tabindex=\"-1\"><img decoding=\"async\" src=\"https:\/\/2roues-romandie.netmanage-dev.ch\/wp-content\/uploads\/elementor\/thumbs\/UGD-rmnszlh9zsvwin6inpze0amcakqyqfiyt3syc41ls8.jpg\" title=\"UGD\" alt=\"Accessoires pour bike\" class=\"elementor-animation-grow\" loading=\"lazy\" \/><\/a><\/figure><div class=\"elementor-image-box-content\"><h3 class=\"elementor-image-box-title\"><a href=\"http:\/\/www.ugd.ch\/index.php?id=1&#038;L=1\" target=\"_blank\">Accessoires f\u00fcr Bikes <\/a><\/h3><\/div><\/div>\t\t\t\t<\/div>\n\t\t\t\t<\/div>\n\t\t\t\t<div class=\"elementor-element elementor-element-1400132 elementor-position-top elementor-widget elementor-widget-image-box\" data-id=\"1400132\" data-element_type=\"widget\" data-e-type=\"widget\" data-widget_type=\"image-box.default\">\n\t\t\t\t<div class=\"elementor-widget-container\">\n\t\t\t\t\t<div class=\"elementor-image-box-wrapper\"><figure class=\"elementor-image-box-img\"><a href=\"https:\/\/caritas-regio.ch\/ueber-caritas\/waadt\" target=\"_blank\" tabindex=\"-1\"><img fetchpriority=\"high\" decoding=\"async\" width=\"500\" height=\"500\" src=\"https:\/\/2roues-romandie.netmanage-dev.ch\/wp-content\/uploads\/2021\/07\/Caritas_VD.jpg\" class=\"elementor-animation-grow attachment-full size-full wp-image-1038\" alt=\"\" srcset=\"https:\/\/2roues-romandie.netmanage-dev.ch\/wp-content\/uploads\/2021\/07\/Caritas_VD.jpg 500w, https:\/\/2roues-romandie.netmanage-dev.ch\/wp-content\/uploads\/2021\/07\/Caritas_VD-300x300.jpg 300w, https:\/\/2roues-romandie.netmanage-dev.ch\/wp-content\/uploads\/2021\/07\/Caritas_VD-150x150.jpg 150w\" sizes=\"(max-width: 500px) 100vw, 500px\" \/><\/a><\/figure><div class=\"elementor-image-box-content\"><h3 class=\"elementor-image-box-title\"><a href=\"https:\/\/caritas-regio.ch\/ueber-caritas\/waadt\" target=\"_blank\">Begleitung Freiwilliger und Coaching<\/a><\/h3><\/div><\/div>\t\t\t\t<\/div>\n\t\t\t\t<\/div>\n\t\t\t\t<div class=\"elementor-element elementor-element-fe1f6c7 elementor-position-top elementor-widget elementor-widget-image-box\" data-id=\"fe1f6c7\" data-element_type=\"widget\" data-e-type=\"widget\" data-widget_type=\"image-box.default\">\n\t\t\t\t<div class=\"elementor-widget-container\">\n\t\t\t\t\t<div class=\"elementor-image-box-wrapper\"><figure class=\"elementor-image-box-img\"><a href=\"https:\/\/www.fuchs-movesa.ch\/shop\/de\/sys\/%20\" target=\"_blank\" tabindex=\"-1\"><img decoding=\"async\" src=\"https:\/\/2roues-romandie.netmanage-dev.ch\/wp-content\/uploads\/elementor\/thumbs\/Fuchs_Movesa-rmnszlh9zsvwin6inpze0amcakqyqfiyt3syc41ls8.jpg\" title=\"Fuchs_Movesa\" alt=\"Produits et accessoires pour cycles\" class=\"elementor-animation-grow\" loading=\"lazy\" \/><\/a><\/figure><div class=\"elementor-image-box-content\"><h3 class=\"elementor-image-box-title\"><a href=\"https:\/\/www.fuchs-movesa.ch\/shop\/de\/sys\/%20\" target=\"_blank\">Accessoires f\u00fcr Bikes <\/a><\/h3><\/div><\/div>\t\t\t\t<\/div>\n\t\t\t\t<\/div>\n\t\t\t\t<div class=\"elementor-element elementor-element-13593b2 elementor-position-top elementor-widget elementor-widget-image-box\" data-id=\"13593b2\" data-element_type=\"widget\" data-e-type=\"widget\" data-widget_type=\"image-box.default\">\n\t\t\t\t<div class=\"elementor-widget-container\">\n\t\t\t\t\t<div class=\"elementor-image-box-wrapper\"><figure class=\"elementor-image-box-img\"><a href=\"https:\/\/kyburz-switzerland.ch\/de\" target=\"_blank\" tabindex=\"-1\"><img decoding=\"async\" width=\"500\" height=\"500\" src=\"https:\/\/2roues-romandie.netmanage-dev.ch\/wp-content\/uploads\/2021\/07\/Kiburz.jpg\" class=\"elementor-animation-grow attachment-full size-full wp-image-1045\" alt=\"\" srcset=\"https:\/\/2roues-romandie.netmanage-dev.ch\/wp-content\/uploads\/2021\/07\/Kiburz.jpg 500w, https:\/\/2roues-romandie.netmanage-dev.ch\/wp-content\/uploads\/2021\/07\/Kiburz-300x300.jpg 300w, https:\/\/2roues-romandie.netmanage-dev.ch\/wp-content\/uploads\/2021\/07\/Kiburz-150x150.jpg 150w\" sizes=\"(max-width: 500px) 100vw, 500px\" \/><\/a><\/figure><div class=\"elementor-image-box-content\"><h3 class=\"elementor-image-box-title\"><a href=\"https:\/\/kyburz-switzerland.ch\/de\" target=\"_blank\">Elektrische 3 oder 4 R\u00e4der <\/a><\/h3><\/div><\/div>\t\t\t\t<\/div>\n\t\t\t\t<\/div>\n\t\t\t\t\t<\/div>\n\t\t<\/div>\n\t\t\t\t<div class=\"elementor-column elementor-col-33 elementor-inner-column elementor-element elementor-element-5d9d1b0\" data-id=\"5d9d1b0\" data-element_type=\"column\" data-e-type=\"column\">\n\t\t\t<div class=\"elementor-widget-wrap elementor-element-populated\">\n\t\t\t\t\t\t<div class=\"elementor-element elementor-element-49732c4 elementor-position-top elementor-widget elementor-widget-image-box\" data-id=\"49732c4\" data-element_type=\"widget\" data-e-type=\"widget\" data-widget_type=\"image-box.default\">\n\t\t\t\t<div class=\"elementor-widget-container\">\n\t\t\t\t\t<div class=\"elementor-image-box-wrapper\"><figure class=\"elementor-image-box-img\"><a href=\"https:\/\/www.de.honda.ch\/motorcycles.html\" target=\"_blank\" tabindex=\"-1\"><img decoding=\"async\" width=\"500\" height=\"500\" src=\"https:\/\/2roues-romandie.netmanage-dev.ch\/wp-content\/uploads\/2021\/07\/Honda.jpg\" class=\"elementor-animation-grow attachment-full size-full wp-image-1042\" alt=\"\" srcset=\"https:\/\/2roues-romandie.netmanage-dev.ch\/wp-content\/uploads\/2021\/07\/Honda.jpg 500w, https:\/\/2roues-romandie.netmanage-dev.ch\/wp-content\/uploads\/2021\/07\/Honda-300x300.jpg 300w, https:\/\/2roues-romandie.netmanage-dev.ch\/wp-content\/uploads\/2021\/07\/Honda-150x150.jpg 150w\" sizes=\"(max-width: 500px) 100vw, 500px\" \/><\/a><\/figure><div class=\"elementor-image-box-content\"><h3 class=\"elementor-image-box-title\"><a href=\"https:\/\/www.de.honda.ch\/motorcycles.html\" target=\"_blank\">Motorr\u00e4der <\/a><\/h3><\/div><\/div>\t\t\t\t<\/div>\n\t\t\t\t<\/div>\n\t\t\t\t<div class=\"elementor-element elementor-element-57dcbe4 elementor-position-top elementor-widget elementor-widget-image-box\" data-id=\"57dcbe4\" data-element_type=\"widget\" data-e-type=\"widget\" data-widget_type=\"image-box.default\">\n\t\t\t\t<div class=\"elementor-widget-container\">\n\t\t\t\t\t<div class=\"elementor-image-box-wrapper\"><figure class=\"elementor-image-box-img\"><a href=\"https:\/\/www.ducati.com\/ch\/de\/home\" target=\"_blank\" tabindex=\"-1\"><img loading=\"lazy\" decoding=\"async\" width=\"500\" height=\"500\" src=\"https:\/\/2roues-romandie.netmanage-dev.ch\/wp-content\/uploads\/2021\/07\/Ducati.jpg\" class=\"elementor-animation-grow attachment-full size-full wp-image-1040\" alt=\"\" srcset=\"https:\/\/2roues-romandie.netmanage-dev.ch\/wp-content\/uploads\/2021\/07\/Ducati.jpg 500w, https:\/\/2roues-romandie.netmanage-dev.ch\/wp-content\/uploads\/2021\/07\/Ducati-300x300.jpg 300w, https:\/\/2roues-romandie.netmanage-dev.ch\/wp-content\/uploads\/2021\/07\/Ducati-150x150.jpg 150w\" sizes=\"(max-width: 500px) 100vw, 500px\" \/><\/a><\/figure><div class=\"elementor-image-box-content\"><h3 class=\"elementor-image-box-title\"><a href=\"https:\/\/www.ducati.com\/ch\/de\/home\" target=\"_blank\">Motorr\u00e4der <\/a><\/h3><\/div><\/div>\t\t\t\t<\/div>\n\t\t\t\t<\/div>\n\t\t\t\t<div class=\"elementor-element elementor-element-0025b2d elementor-position-top elementor-widget elementor-widget-image-box\" data-id=\"0025b2d\" data-element_type=\"widget\" data-e-type=\"widget\" data-widget_type=\"image-box.default\">\n\t\t\t\t<div class=\"elementor-widget-container\">\n\t\t\t\t\t<div class=\"elementor-image-box-wrapper\"><figure class=\"elementor-image-box-img\"><a href=\"https:\/\/moto.suzuki.ch\/\" target=\"_blank\" tabindex=\"-1\"><img decoding=\"async\" src=\"https:\/\/2roues-romandie.netmanage-dev.ch\/wp-content\/uploads\/elementor\/thumbs\/Suzuki-rmnszlh9zsvwin6inpze0amcakqyqfiyt3syc41ls8.jpg\" title=\"Suzuki\" alt=\"Produits et accessoires pour cycles\" class=\"elementor-animation-grow\" loading=\"lazy\" \/><\/a><\/figure><div class=\"elementor-image-box-content\"><h3 class=\"elementor-image-box-title\"><a href=\"https:\/\/moto.suzuki.ch\/\" target=\"_blank\">Importeur f\u00fcr Motorr\u00e4der<\/a><\/h3><\/div><\/div>\t\t\t\t<\/div>\n\t\t\t\t<\/div>\n\t\t\t\t<div class=\"elementor-element elementor-element-08f35fe elementor-position-top elementor-widget elementor-widget-image-box\" data-id=\"08f35fe\" data-element_type=\"widget\" data-e-type=\"widget\" data-widget_type=\"image-box.default\">\n\t\t\t\t<div class=\"elementor-widget-container\">\n\t\t\t\t\t<div class=\"elementor-image-box-wrapper\"><figure class=\"elementor-image-box-img\"><a href=\"https:\/\/www.derendinger.ch\/de\" target=\"_blank\" tabindex=\"-1\"><img loading=\"lazy\" decoding=\"async\" width=\"500\" height=\"500\" src=\"https:\/\/2roues-romandie.netmanage-dev.ch\/wp-content\/uploads\/2024\/07\/Derendinger-1.jpg\" class=\"elementor-animation-grow attachment-full size-full wp-image-5216\" alt=\"\" srcset=\"https:\/\/2roues-romandie.netmanage-dev.ch\/wp-content\/uploads\/2024\/07\/Derendinger-1.jpg 500w, https:\/\/2roues-romandie.netmanage-dev.ch\/wp-content\/uploads\/2024\/07\/Derendinger-1-300x300.jpg 300w, https:\/\/2roues-romandie.netmanage-dev.ch\/wp-content\/uploads\/2024\/07\/Derendinger-1-150x150.jpg 150w\" sizes=\"(max-width: 500px) 100vw, 500px\" \/><\/a><\/figure><div class=\"elementor-image-box-content\"><h3 class=\"elementor-image-box-title\"><a href=\"https:\/\/www.derendinger.ch\/de\" target=\"_blank\">Artikel f\u00fcr Garagen <\/a><\/h3><\/div><\/div>\t\t\t\t<\/div>\n\t\t\t\t<\/div>\n\t\t\t\t<div class=\"elementor-element elementor-element-877bbb4 elementor-position-top elementor-widget elementor-widget-image-box\" data-id=\"877bbb4\" data-element_type=\"widget\" data-e-type=\"widget\" data-widget_type=\"image-box.default\">\n\t\t\t\t<div class=\"elementor-widget-container\">\n\t\t\t\t\t<div class=\"elementor-image-box-wrapper\"><figure class=\"elementor-image-box-img\"><a href=\"https:\/\/www.mybihr.com\/ch\/de\/\" target=\"_blank\" tabindex=\"-1\"><img loading=\"lazy\" decoding=\"async\" width=\"500\" height=\"500\" src=\"https:\/\/2roues-romandie.netmanage-dev.ch\/wp-content\/uploads\/2021\/07\/Bihr.jpg\" class=\"elementor-animation-grow attachment-full size-full wp-image-1037\" alt=\"\" srcset=\"https:\/\/2roues-romandie.netmanage-dev.ch\/wp-content\/uploads\/2021\/07\/Bihr.jpg 500w, https:\/\/2roues-romandie.netmanage-dev.ch\/wp-content\/uploads\/2021\/07\/Bihr-300x300.jpg 300w, https:\/\/2roues-romandie.netmanage-dev.ch\/wp-content\/uploads\/2021\/07\/Bihr-150x150.jpg 150w\" sizes=\"(max-width: 500px) 100vw, 500px\" \/><\/a><\/figure><div class=\"elementor-image-box-content\"><h3 class=\"elementor-image-box-title\"><a href=\"https:\/\/www.mybihr.com\/ch\/de\/\" target=\"_blank\">Fahrzeuge, Ausstattung und Accessoires <\/a><\/h3><\/div><\/div>\t\t\t\t<\/div>\n\t\t\t\t<\/div>\n\t\t\t\t\t<\/div>\n\t\t<\/div>\n\t\t\t\t<div class=\"elementor-column elementor-col-33 elementor-inner-column elementor-element elementor-element-1f760ec\" data-id=\"1f760ec\" data-element_type=\"column\" data-e-type=\"column\">\n\t\t\t<div class=\"elementor-widget-wrap elementor-element-populated\">\n\t\t\t\t\t\t<div class=\"elementor-element elementor-element-a524613 elementor-position-top elementor-widget elementor-widget-image-box\" data-id=\"a524613\" data-element_type=\"widget\" data-e-type=\"widget\" data-widget_type=\"image-box.default\">\n\t\t\t\t<div class=\"elementor-widget-container\">\n\t\t\t\t\t<div class=\"elementor-image-box-wrapper\"><figure class=\"elementor-image-box-img\"><a href=\"https:\/\/amsler-feuerthalen.ch\/\" target=\"_blank\" tabindex=\"-1\"><img decoding=\"async\" src=\"https:\/\/2roues-romandie.netmanage-dev.ch\/wp-content\/uploads\/elementor\/thumbs\/Kymco-rmnszlh9zsvwin6inpze0amcakqyqfiyt3syc41ls8.jpg\" title=\"Kymco\" alt=\"Scooter et quad\" class=\"elementor-animation-grow\" loading=\"lazy\" \/><\/a><\/figure><div class=\"elementor-image-box-content\"><h3 class=\"elementor-image-box-title\"><a href=\"https:\/\/amsler-feuerthalen.ch\/\" target=\"_blank\">Scooter und Quad <\/a><\/h3><\/div><\/div>\t\t\t\t<\/div>\n\t\t\t\t<\/div>\n\t\t\t\t<div class=\"elementor-element elementor-element-4642426 elementor-position-top elementor-widget elementor-widget-image-box\" data-id=\"4642426\" data-element_type=\"widget\" data-e-type=\"widget\" data-widget_type=\"image-box.default\">\n\t\t\t\t<div class=\"elementor-widget-container\">\n\t\t\t\t\t<div class=\"elementor-image-box-wrapper\"><figure class=\"elementor-image-box-img\"><a href=\"https:\/\/www.peugeot-motocycles.fr\/%20\" target=\"_blank\" tabindex=\"-1\"><img loading=\"lazy\" decoding=\"async\" width=\"500\" height=\"500\" src=\"https:\/\/2roues-romandie.netmanage-dev.ch\/wp-content\/uploads\/2021\/07\/Peugeot.jpg\" class=\"elementor-animation-grow attachment-full size-full wp-image-1049\" alt=\"\" srcset=\"https:\/\/2roues-romandie.netmanage-dev.ch\/wp-content\/uploads\/2021\/07\/Peugeot.jpg 500w, https:\/\/2roues-romandie.netmanage-dev.ch\/wp-content\/uploads\/2021\/07\/Peugeot-300x300.jpg 300w, https:\/\/2roues-romandie.netmanage-dev.ch\/wp-content\/uploads\/2021\/07\/Peugeot-150x150.jpg 150w\" sizes=\"(max-width: 500px) 100vw, 500px\" \/><\/a><\/figure><div class=\"elementor-image-box-content\"><h3 class=\"elementor-image-box-title\"><a href=\"https:\/\/www.peugeot-motocycles.fr\/%20\" target=\"_blank\">Scooter <\/a><\/h3><\/div><\/div>\t\t\t\t<\/div>\n\t\t\t\t<\/div>\n\t\t\t\t<div class=\"elementor-element elementor-element-439eb78 elementor-position-top elementor-widget elementor-widget-image-box\" data-id=\"439eb78\" data-element_type=\"widget\" data-e-type=\"widget\" data-widget_type=\"image-box.default\">\n\t\t\t\t<div class=\"elementor-widget-container\">\n\t\t\t\t\t<div class=\"elementor-image-box-wrapper\"><figure class=\"elementor-image-box-img\"><a href=\"https:\/\/www.intercycle.com\/\" target=\"_blank\" tabindex=\"-1\"><img decoding=\"async\" src=\"https:\/\/2roues-romandie.netmanage-dev.ch\/wp-content\/uploads\/elementor\/thumbs\/Intercycle-rmnszlh9zsvwin6inpze0amcakqyqfiyt3syc41ls8.jpg\" title=\"Intercycle\" alt=\"Produits &amp; accessoires pour cycles\" class=\"elementor-animation-grow\" loading=\"lazy\" \/><\/a><\/figure><div class=\"elementor-image-box-content\"><h3 class=\"elementor-image-box-title\"><a href=\"https:\/\/www.intercycle.com\/\" target=\"_blank\">Produkte und Accessoires f\u00fcr Fahrr\u00e4der<\/a><\/h3><\/div><\/div>\t\t\t\t<\/div>\n\t\t\t\t<\/div>\n\t\t\t\t<div class=\"elementor-element elementor-element-7c5a1ac elementor-position-top elementor-widget elementor-widget-image-box\" data-id=\"7c5a1ac\" data-element_type=\"widget\" data-e-type=\"widget\" data-widget_type=\"image-box.default\">\n\t\t\t\t<div class=\"elementor-widget-container\">\n\t\t\t\t\t<div class=\"elementor-image-box-wrapper\"><figure class=\"elementor-image-box-img\"><a href=\"https:\/\/ixs.com\/%20\" target=\"_blank\" tabindex=\"-1\"><img loading=\"lazy\" decoding=\"async\" width=\"500\" height=\"500\" src=\"https:\/\/2roues-romandie.netmanage-dev.ch\/wp-content\/uploads\/2021\/07\/IXS.jpg\" class=\"elementor-animation-grow attachment-full size-full wp-image-1044\" alt=\"\" srcset=\"https:\/\/2roues-romandie.netmanage-dev.ch\/wp-content\/uploads\/2021\/07\/IXS.jpg 500w, https:\/\/2roues-romandie.netmanage-dev.ch\/wp-content\/uploads\/2021\/07\/IXS-300x300.jpg 300w, https:\/\/2roues-romandie.netmanage-dev.ch\/wp-content\/uploads\/2021\/07\/IXS-150x150.jpg 150w\" sizes=\"(max-width: 500px) 100vw, 500px\" \/><\/a><\/figure><div class=\"elementor-image-box-content\"><h3 class=\"elementor-image-box-title\"><a href=\"https:\/\/ixs.com\/%20\" target=\"_blank\">Accessoires und Kleidung <\/a><\/h3><\/div><\/div>\t\t\t\t<\/div>\n\t\t\t\t<\/div>\n\t\t\t\t<div class=\"elementor-element elementor-element-658fa42 elementor-position-top elementor-widget elementor-widget-image-box\" data-id=\"658fa42\" data-element_type=\"widget\" data-e-type=\"widget\" data-widget_type=\"image-box.default\">\n\t\t\t\t<div class=\"elementor-widget-container\">\n\t\t\t\t\t<div class=\"elementor-image-box-wrapper\"><figure class=\"elementor-image-box-img\"><a href=\"https:\/\/www.actumoto.ch\/%20\" target=\"_blank\" tabindex=\"-1\"><img loading=\"lazy\" decoding=\"async\" width=\"500\" height=\"500\" src=\"https:\/\/2roues-romandie.netmanage-dev.ch\/wp-content\/uploads\/2021\/07\/MotorSport_CH.jpg\" class=\"elementor-animation-grow attachment-full size-full wp-image-1048\" alt=\"\" srcset=\"https:\/\/2roues-romandie.netmanage-dev.ch\/wp-content\/uploads\/2021\/07\/MotorSport_CH.jpg 500w, https:\/\/2roues-romandie.netmanage-dev.ch\/wp-content\/uploads\/2021\/07\/MotorSport_CH-300x300.jpg 300w, https:\/\/2roues-romandie.netmanage-dev.ch\/wp-content\/uploads\/2021\/07\/MotorSport_CH-150x150.jpg 150w\" sizes=\"(max-width: 500px) 100vw, 500px\" \/><\/a><\/figure><div class=\"elementor-image-box-content\"><h3 class=\"elementor-image-box-title\"><a href=\"https:\/\/www.actumoto.ch\/%20\" target=\"_blank\">Zeitschrift f\u00fcr Westschweizer Motorradfahrer <\/a><\/h3><\/div><\/div>\t\t\t\t<\/div>\n\t\t\t\t<\/div>\n\t\t\t\t\t<\/div>\n\t\t<\/div>\n\t\t\t\t\t<\/div>\n\t\t<\/section>\n\t\t\t\t\t<\/div>\n\t\t<\/div>\n\t\t\t\t\t<\/div>\n\t\t<\/section>\n\t\t\t\t<\/div>\n\t\t","protected":false},"excerpt":{"rendered":"<p>N\u00fctzliche links Dachverband 2Rad Schweiz 2Rad Occasionen Centre de formation YMECA, Avenue des Sciences 17, 1400 Yverdon-les-Bains berufsbildun-freiburg.ch Links unserer Partner Schmiermittel f\u00fcr 2R\u00e4der Accessoires f\u00fcr Bikes Begleitung Freiwilliger und Coaching Accessoires f\u00fcr Bikes Elektrische 3 oder 4 R\u00e4der Motorr\u00e4der Motorr\u00e4der Importeur f\u00fcr Motorr\u00e4der Artikel f\u00fcr Garagen Fahrzeuge, Ausstattung und Accessoires Scooter und Quad Scooter Produkte und Accessoires f\u00fcr Fahrr\u00e4der Accessoires und Kleidung Zeitschrift f\u00fcr Westschweizer Motorradfahrer<\/p>\n","protected":false},"author":6,"featured_media":0,"parent":0,"menu_order":0,"comment_status":"closed","ping_status":"closed","template":"elementor_header_footer","meta":{"footnotes":""},"class_list":["post-1981","page","type-page","status-publish","hentry"],"yoast_head":"<!-- This site is optimized with the Yoast SEO plugin v27.5 - https:\/\/yoast.com\/product\/yoast-seo-wordpress\/ -->\n<title>N\u00fctzliche Links - 2roues Suisse section romande<\/title>\n<meta name=\"robots\" content=\"index, follow, max-snippet:-1, max-image-preview:large, max-video-preview:-1\" \/>\n<link rel=\"canonical\" href=\"https:\/\/2roues-romandie.netmanage-dev.ch\/index.php\/de\/nuetzliche-links\/\" \/>\n<meta property=\"og:locale\" content=\"fr_FR\" \/>\n<meta property=\"og:type\" content=\"article\" \/>\n<meta property=\"og:title\" content=\"N\u00fctzliche Links - 2roues Suisse section romande\" \/>\n<meta property=\"og:description\" content=\"N\u00fctzliche links Dachverband 2Rad Schweiz 2Rad Occasionen Centre de formation YMECA, Avenue des Sciences 17, 1400 Yverdon-les-Bains berufsbildun-freiburg.ch Links unserer Partner Schmiermittel f\u00fcr 2R\u00e4der Accessoires f\u00fcr Bikes Begleitung Freiwilliger und Coaching Accessoires f\u00fcr Bikes Elektrische 3 oder 4 R\u00e4der Motorr\u00e4der Motorr\u00e4der Importeur f\u00fcr Motorr\u00e4der Artikel f\u00fcr Garagen Fahrzeuge, Ausstattung und Accessoires Scooter und Quad Scooter Produkte und Accessoires f\u00fcr Fahrr\u00e4der Accessoires und Kleidung Zeitschrift f\u00fcr Westschweizer Motorradfahrer\" \/>\n<meta property=\"og:url\" content=\"https:\/\/2roues-romandie.netmanage-dev.ch\/index.php\/de\/nuetzliche-links\/\" \/>\n<meta property=\"og:site_name\" content=\"2roues Suisse section romande\" \/>\n<meta property=\"article:modified_time\" content=\"2026-02-24T12:21:12+00:00\" \/>\n<meta property=\"og:image\" content=\"https:\/\/2roues-romandie.netmanage-dev.ch\/wp-content\/uploads\/elementor\/thumbs\/Motorex-pahhy2oode0zb4wf1emmo3j5orrttpzqa4km7vvt34.jpg\" \/>\n<meta name=\"twitter:card\" content=\"summary_large_image\" \/>\n<meta name=\"twitter:label1\" content=\"Dur\u00e9e de lecture estim\u00e9e\" \/>\n\t<meta name=\"twitter:data1\" content=\"4 minutes\" \/>\n<script type=\"application\/ld+json\" class=\"yoast-schema-graph\">{\"@context\":\"https:\\\/\\\/schema.org\",\"@graph\":[{\"@type\":\"WebPage\",\"@id\":\"https:\\\/\\\/2roues-romandie.netmanage-dev.ch\\\/index.php\\\/de\\\/nuetzliche-links\\\/\",\"url\":\"https:\\\/\\\/2roues-romandie.netmanage-dev.ch\\\/index.php\\\/de\\\/nuetzliche-links\\\/\",\"name\":\"N\u00fctzliche Links - 2roues Suisse section romande\",\"isPartOf\":{\"@id\":\"https:\\\/\\\/2roues-romandie.netmanage-dev.ch\\\/#website\"},\"primaryImageOfPage\":{\"@id\":\"https:\\\/\\\/2roues-romandie.netmanage-dev.ch\\\/index.php\\\/de\\\/nuetzliche-links\\\/#primaryimage\"},\"image\":{\"@id\":\"https:\\\/\\\/2roues-romandie.netmanage-dev.ch\\\/index.php\\\/de\\\/nuetzliche-links\\\/#primaryimage\"},\"thumbnailUrl\":\"https:\\\/\\\/2roues-romandie.netmanage-dev.ch\\\/wp-content\\\/uploads\\\/elementor\\\/thumbs\\\/Motorex-pahhy2oode0zb4wf1emmo3j5orrttpzqa4km7vvt34.jpg\",\"datePublished\":\"2021-07-27T14:34:01+00:00\",\"dateModified\":\"2026-02-24T12:21:12+00:00\",\"breadcrumb\":{\"@id\":\"https:\\\/\\\/2roues-romandie.netmanage-dev.ch\\\/index.php\\\/de\\\/nuetzliche-links\\\/#breadcrumb\"},\"inLanguage\":\"fr-FR\",\"potentialAction\":[{\"@type\":\"ReadAction\",\"target\":[\"https:\\\/\\\/2roues-romandie.netmanage-dev.ch\\\/index.php\\\/de\\\/nuetzliche-links\\\/\"]}]},{\"@type\":\"ImageObject\",\"inLanguage\":\"fr-FR\",\"@id\":\"https:\\\/\\\/2roues-romandie.netmanage-dev.ch\\\/index.php\\\/de\\\/nuetzliche-links\\\/#primaryimage\",\"url\":\"https:\\\/\\\/2roues-romandie.netmanage-dev.ch\\\/wp-content\\\/uploads\\\/elementor\\\/thumbs\\\/Motorex-pahhy2oode0zb4wf1emmo3j5orrttpzqa4km7vvt34.jpg\",\"contentUrl\":\"https:\\\/\\\/2roues-romandie.netmanage-dev.ch\\\/wp-content\\\/uploads\\\/elementor\\\/thumbs\\\/Motorex-pahhy2oode0zb4wf1emmo3j5orrttpzqa4km7vvt34.jpg\"},{\"@type\":\"BreadcrumbList\",\"@id\":\"https:\\\/\\\/2roues-romandie.netmanage-dev.ch\\\/index.php\\\/de\\\/nuetzliche-links\\\/#breadcrumb\",\"itemListElement\":[{\"@type\":\"ListItem\",\"position\":1,\"name\":\"Accueil\",\"item\":\"https:\\\/\\\/2roues-romandie.netmanage-dev.ch\\\/\"},{\"@type\":\"ListItem\",\"position\":2,\"name\":\"N\u00fctzliche Links\"}]},{\"@type\":\"WebSite\",\"@id\":\"https:\\\/\\\/2roues-romandie.netmanage-dev.ch\\\/#website\",\"url\":\"https:\\\/\\\/2roues-romandie.netmanage-dev.ch\\\/\",\"name\":\"2roues Suisse section romande\",\"description\":\"2roues Suisse section romande (2RSSR) est membre de l&#039;association fa\u00eeti\u00e8re 2roues Suisse. Cette derni\u00e8re s&#039;engage pour les int\u00e9r\u00eats et les besoins des commerces sp\u00e9cialis\u00e9s deux-roues et les repr\u00e9sente en politique, aupr\u00e8s des autorit\u00e9s, fournisseurs et autres organisations de la branche.\",\"publisher\":{\"@id\":\"https:\\\/\\\/2roues-romandie.netmanage-dev.ch\\\/#organization\"},\"potentialAction\":[{\"@type\":\"SearchAction\",\"target\":{\"@type\":\"EntryPoint\",\"urlTemplate\":\"https:\\\/\\\/2roues-romandie.netmanage-dev.ch\\\/?s={search_term_string}\"},\"query-input\":{\"@type\":\"PropertyValueSpecification\",\"valueRequired\":true,\"valueName\":\"search_term_string\"}}],\"inLanguage\":\"fr-FR\"},{\"@type\":\"Organization\",\"@id\":\"https:\\\/\\\/2roues-romandie.netmanage-dev.ch\\\/#organization\",\"name\":\"2roues Suisse section romande\",\"url\":\"https:\\\/\\\/2roues-romandie.netmanage-dev.ch\\\/\",\"logo\":{\"@type\":\"ImageObject\",\"inLanguage\":\"fr-FR\",\"@id\":\"https:\\\/\\\/2roues-romandie.netmanage-dev.ch\\\/#\\\/schema\\\/logo\\\/image\\\/\",\"url\":\"https:\\\/\\\/2roues-romandie.netmanage-dev.ch\\\/wp-content\\\/uploads\\\/2020\\\/11\\\/Logo_2roues_Site.png\",\"contentUrl\":\"https:\\\/\\\/2roues-romandie.netmanage-dev.ch\\\/wp-content\\\/uploads\\\/2020\\\/11\\\/Logo_2roues_Site.png\",\"width\":350,\"height\":100,\"caption\":\"2roues Suisse section romande\"},\"image\":{\"@id\":\"https:\\\/\\\/2roues-romandie.netmanage-dev.ch\\\/#\\\/schema\\\/logo\\\/image\\\/\"}}]}<\/script>\n<!-- \/ Yoast SEO plugin. -->","yoast_head_json":{"title":"N\u00fctzliche Links - 2roues Suisse section romande","robots":{"index":"index","follow":"follow","max-snippet":"max-snippet:-1","max-image-preview":"max-image-preview:large","max-video-preview":"max-video-preview:-1"},"canonical":"https:\/\/2roues-romandie.netmanage-dev.ch\/index.php\/de\/nuetzliche-links\/","og_locale":"fr_FR","og_type":"article","og_title":"N\u00fctzliche Links - 2roues Suisse section romande","og_description":"N\u00fctzliche links Dachverband 2Rad Schweiz 2Rad Occasionen Centre de formation YMECA, Avenue des Sciences 17, 1400 Yverdon-les-Bains berufsbildun-freiburg.ch Links unserer Partner Schmiermittel f\u00fcr 2R\u00e4der Accessoires f\u00fcr Bikes Begleitung Freiwilliger und Coaching Accessoires f\u00fcr Bikes Elektrische 3 oder 4 R\u00e4der Motorr\u00e4der Motorr\u00e4der Importeur f\u00fcr Motorr\u00e4der Artikel f\u00fcr Garagen Fahrzeuge, Ausstattung und Accessoires Scooter und Quad Scooter Produkte und Accessoires f\u00fcr Fahrr\u00e4der Accessoires und Kleidung Zeitschrift f\u00fcr Westschweizer Motorradfahrer","og_url":"https:\/\/2roues-romandie.netmanage-dev.ch\/index.php\/de\/nuetzliche-links\/","og_site_name":"2roues Suisse section romande","article_modified_time":"2026-02-24T12:21:12+00:00","og_image":[{"url":"https:\/\/2roues-romandie.netmanage-dev.ch\/wp-content\/uploads\/elementor\/thumbs\/Motorex-pahhy2oode0zb4wf1emmo3j5orrttpzqa4km7vvt34.jpg","type":"","width":"","height":""}],"twitter_card":"summary_large_image","twitter_misc":{"Dur\u00e9e de lecture estim\u00e9e":"4 minutes"},"schema":{"@context":"https:\/\/schema.org","@graph":[{"@type":"WebPage","@id":"https:\/\/2roues-romandie.netmanage-dev.ch\/index.php\/de\/nuetzliche-links\/","url":"https:\/\/2roues-romandie.netmanage-dev.ch\/index.php\/de\/nuetzliche-links\/","name":"N\u00fctzliche Links - 2roues Suisse section romande","isPartOf":{"@id":"https:\/\/2roues-romandie.netmanage-dev.ch\/#website"},"primaryImageOfPage":{"@id":"https:\/\/2roues-romandie.netmanage-dev.ch\/index.php\/de\/nuetzliche-links\/#primaryimage"},"image":{"@id":"https:\/\/2roues-romandie.netmanage-dev.ch\/index.php\/de\/nuetzliche-links\/#primaryimage"},"thumbnailUrl":"https:\/\/2roues-romandie.netmanage-dev.ch\/wp-content\/uploads\/elementor\/thumbs\/Motorex-pahhy2oode0zb4wf1emmo3j5orrttpzqa4km7vvt34.jpg","datePublished":"2021-07-27T14:34:01+00:00","dateModified":"2026-02-24T12:21:12+00:00","breadcrumb":{"@id":"https:\/\/2roues-romandie.netmanage-dev.ch\/index.php\/de\/nuetzliche-links\/#breadcrumb"},"inLanguage":"fr-FR","potentialAction":[{"@type":"ReadAction","target":["https:\/\/2roues-romandie.netmanage-dev.ch\/index.php\/de\/nuetzliche-links\/"]}]},{"@type":"ImageObject","inLanguage":"fr-FR","@id":"https:\/\/2roues-romandie.netmanage-dev.ch\/index.php\/de\/nuetzliche-links\/#primaryimage","url":"https:\/\/2roues-romandie.netmanage-dev.ch\/wp-content\/uploads\/elementor\/thumbs\/Motorex-pahhy2oode0zb4wf1emmo3j5orrttpzqa4km7vvt34.jpg","contentUrl":"https:\/\/2roues-romandie.netmanage-dev.ch\/wp-content\/uploads\/elementor\/thumbs\/Motorex-pahhy2oode0zb4wf1emmo3j5orrttpzqa4km7vvt34.jpg"},{"@type":"BreadcrumbList","@id":"https:\/\/2roues-romandie.netmanage-dev.ch\/index.php\/de\/nuetzliche-links\/#breadcrumb","itemListElement":[{"@type":"ListItem","position":1,"name":"Accueil","item":"https:\/\/2roues-romandie.netmanage-dev.ch\/"},{"@type":"ListItem","position":2,"name":"N\u00fctzliche Links"}]},{"@type":"WebSite","@id":"https:\/\/2roues-romandie.netmanage-dev.ch\/#website","url":"https:\/\/2roues-romandie.netmanage-dev.ch\/","name":"2roues Suisse section romande","description":"2roues Suisse section romande (2RSSR) est membre de l&#039;association fa\u00eeti\u00e8re 2roues Suisse. Cette derni\u00e8re s&#039;engage pour les int\u00e9r\u00eats et les besoins des commerces sp\u00e9cialis\u00e9s deux-roues et les repr\u00e9sente en politique, aupr\u00e8s des autorit\u00e9s, fournisseurs et autres organisations de la branche.","publisher":{"@id":"https:\/\/2roues-romandie.netmanage-dev.ch\/#organization"},"potentialAction":[{"@type":"SearchAction","target":{"@type":"EntryPoint","urlTemplate":"https:\/\/2roues-romandie.netmanage-dev.ch\/?s={search_term_string}"},"query-input":{"@type":"PropertyValueSpecification","valueRequired":true,"valueName":"search_term_string"}}],"inLanguage":"fr-FR"},{"@type":"Organization","@id":"https:\/\/2roues-romandie.netmanage-dev.ch\/#organization","name":"2roues Suisse section romande","url":"https:\/\/2roues-romandie.netmanage-dev.ch\/","logo":{"@type":"ImageObject","inLanguage":"fr-FR","@id":"https:\/\/2roues-romandie.netmanage-dev.ch\/#\/schema\/logo\/image\/","url":"https:\/\/2roues-romandie.netmanage-dev.ch\/wp-content\/uploads\/2020\/11\/Logo_2roues_Site.png","contentUrl":"https:\/\/2roues-romandie.netmanage-dev.ch\/wp-content\/uploads\/2020\/11\/Logo_2roues_Site.png","width":350,"height":100,"caption":"2roues Suisse section romande"},"image":{"@id":"https:\/\/2roues-romandie.netmanage-dev.ch\/#\/schema\/logo\/image\/"}}]}},"_links":{"self":[{"href":"https:\/\/2roues-romandie.netmanage-dev.ch\/index.php\/wp-json\/wp\/v2\/pages\/1981","targetHints":{"allow":["GET"]}}],"collection":[{"href":"https:\/\/2roues-romandie.netmanage-dev.ch\/index.php\/wp-json\/wp\/v2\/pages"}],"about":[{"href":"https:\/\/2roues-romandie.netmanage-dev.ch\/index.php\/wp-json\/wp\/v2\/types\/page"}],"author":[{"embeddable":true,"href":"https:\/\/2roues-romandie.netmanage-dev.ch\/index.php\/wp-json\/wp\/v2\/users\/6"}],"replies":[{"embeddable":true,"href":"https:\/\/2roues-romandie.netmanage-dev.ch\/index.php\/wp-json\/wp\/v2\/comments?post=1981"}],"version-history":[{"count":97,"href":"https:\/\/2roues-romandie.netmanage-dev.ch\/index.php\/wp-json\/wp\/v2\/pages\/1981\/revisions"}],"predecessor-version":[{"id":5690,"href":"https:\/\/2roues-romandie.netmanage-dev.ch\/index.php\/wp-json\/wp\/v2\/pages\/1981\/revisions\/5690"}],"wp:attachment":[{"href":"https:\/\/2roues-romandie.netmanage-dev.ch\/index.php\/wp-json\/wp\/v2\/media?parent=1981"}],"curies":[{"name":"wp","href":"https:\/\/api.w.org\/{rel}","templated":true}]}}